{"id":11,"date":"2023-12-29T09:42:11","date_gmt":"2023-12-29T09:42:11","guid":{"rendered":"https:\/\/meditacija-m.com\/?page_id=11"},"modified":"2025-08-19T17:45:31","modified_gmt":"2025-08-19T15:45:31","slug":"pocetna","status":"publish","type":"page","link":"https:\/\/meditacija-m.com\/","title":{"rendered":"Po\u010detna"},"content":{"rendered":"<p>[et_pb_section fb_built=&#8221;1&#8243; disabled_on=&#8221;on|on|off&#8221; _builder_version=&#8221;4.23.4&#8243; _module_preset=&#8221;default&#8221; custom_padding=&#8221;1px|||||&#8221; global_colors_info=&#8221;{}&#8221;][et_pb_row use_custom_gutter=&#8221;on&#8221; gutter_width=&#8221;1&#8243; make_equal=&#8221;on&#8221; _builder_version=&#8221;4.23.4&#8243; _module_preset=&#8221;default&#8221; width=&#8221;100%&#8221; max_width=&#8221;none&#8221; custom_margin=&#8221;2%||6%||false|false&#8221; custom_padding=&#8221;0px||0px||false|false&#8221; module_alignment_tablet=&#8221;center&#8221; module_alignment_phone=&#8221;center&#8221; module_alignment_last_edited=&#8221;off|desktop&#8221; global_colors_info=&#8221;{}&#8221;][et_pb_column type=&#8221;4_4&#8243; _builder_version=&#8221;4.23.4&#8243; _module_preset=&#8221;default&#8221; z_index=&#8221;10&#8243; custom_padding=&#8221;4%|8%|0px|8%|false|true&#8221; custom_padding_tablet=&#8221;|0px|||true|false&#8221; custom_padding_phone=&#8221;|0px|||true|false&#8221; custom_padding_last_edited=&#8221;off|tablet&#8221; border_color_all=&#8221;gcid-c89f5116-e22d-4a85-9acd-d2301e8087e7&#8243; border_width_right=&#8221;2px&#8221; global_colors_info=&#8221;{%22gcid-c89f5116-e22d-4a85-9acd-d2301e8087e7%22:%91%22border_color_all%22,%22border_color_right%22%93}&#8221;][et_pb_text _builder_version=&#8221;4.27.0&#8243; _module_preset=&#8221;c16985e1-e0d6-4022-964d-e2bfc04fa633&#8243; header_font=&#8221;&#8211;et_global_heading_font|100|||||||&#8221; text_orientation=&#8221;center&#8221; locked=&#8221;off&#8221; global_colors_info=&#8221;{%22gcid-f9263e8f-2107-49f5-ba75-c9d329a43ae4%22:%91%22header_text_color%22%93}&#8221;]<\/p>\n<h1>Meditacije s Mislavom<\/h1>\n<p>[\/et_pb_text][\/et_pb_column][\/et_pb_row][et_pb_row column_structure=&#8221;1_2,1_2&#8243; use_custom_gutter=&#8221;on&#8221; gutter_width=&#8221;1&#8243; make_equal=&#8221;on&#8221; _builder_version=&#8221;4.27.0&#8243; _module_preset=&#8221;default&#8221; width=&#8221;100%&#8221; max_width=&#8221;none&#8221; custom_margin=&#8221;6%|0px||0px|false|true&#8221; custom_padding=&#8221;0px||0px||false|false&#8221; module_alignment_tablet=&#8221;center&#8221; module_alignment_phone=&#8221;center&#8221; module_alignment_last_edited=&#8221;off|desktop&#8221; global_colors_info=&#8221;{}&#8221;][et_pb_column type=&#8221;1_2&#8243; _builder_version=&#8221;4.23.4&#8243; _module_preset=&#8221;default&#8221; z_index=&#8221;10&#8243; custom_padding=&#8221;0px|8%|0px|8%|false|true&#8221; custom_padding_tablet=&#8221;|0px|||true|false&#8221; custom_padding_phone=&#8221;|0px|||true|false&#8221; custom_padding_last_edited=&#8221;off|tablet&#8221; border_color_all=&#8221;gcid-c89f5116-e22d-4a85-9acd-d2301e8087e7&#8243; global_colors_info=&#8221;{%22gcid-c89f5116-e22d-4a85-9acd-d2301e8087e7%22:%91%22border_color_all%22,%22border_color_right%22%93}&#8221;][et_pb_text _builder_version=&#8221;4.23.4&#8243; _module_preset=&#8221;b327cbe4-b1d5-4b66-ad37-40c8f2f061ba&#8221; custom_margin=&#8221;||10px||false|false&#8221; global_colors_info=&#8221;{}&#8221;]<\/p>\n<h2>Obavijesti<\/h2>\n<p>[\/et_pb_text][et_pb_text _builder_version=&#8221;4.27.0&#8243; _module_preset=&#8221;1f09816e-184e-4ce5-a4cf-b39c52c423ca&#8221; text_font=&#8221;Raleway||||||||&#8221; text_text_color=&#8221;gcid-dde5a108-6ff0-4332-95cd-17313c181436&#8243; text_font_size=&#8221;16px&#8221; text_line_height=&#8221;1.8em&#8221; custom_padding=&#8221;||35px|||&#8221; text_font_size_tablet=&#8221;14px&#8221; text_font_size_phone=&#8221;13px&#8221; text_font_size_last_edited=&#8221;on|phone&#8221; header_font_size_tablet=&#8221;55px&#8221; header_font_size_last_edited=&#8221;off|desktop&#8221; global_colors_info=&#8221;{%22gcid-dde5a108-6ff0-4332-95cd-17313c181436%22:%91%22text_text_color%22%93}&#8221;]<\/p>\n<p>Putem obavijesti mo\u017eete dobiti sve bitne informacije kao \u0161to su najave meditacijskih povla\u010denja, radionica, zajedni\u010dkih meditacija i eventualnih promjena u rasporedu.<\/p>\n<p>[\/et_pb_text][et_pb_button button_url=&#8221;https:\/\/meditacija-m.com\/index.php\/obavijesti\/&#8221; button_text=&#8221;Prijavi se na obavijesti&#8221; button_alignment=&#8221;left&#8221; _builder_version=&#8221;4.27.0&#8243; _module_preset=&#8221;31b4f027-aaa0-4f2f-ae02-959764e19e4f&#8221; custom_button=&#8221;on&#8221; button_text_size=&#8221;14px&#8221; button_text_color=&#8221;#FFFFFF&#8221; button_bg_color=&#8221;#4a5349&#8243; button_border_width=&#8221;0px&#8221; button_border_radius=&#8221;0px&#8221; button_letter_spacing=&#8221;0.2em&#8221; button_font=&#8221;Raleway|600||on|||||&#8221; custom_padding=&#8221;16px|24px|16px|24px|true|true&#8221; global_colors_info=&#8221;{}&#8221;][\/et_pb_button][\/et_pb_column][et_pb_column type=&#8221;1_2&#8243; _builder_version=&#8221;4.23.4&#8243; _module_preset=&#8221;default&#8221; background_enable_color=&#8221;off&#8221; background_enable_image=&#8221;off&#8221; parallax=&#8221;on&#8221; custom_padding=&#8221;20px|||0px|false|false&#8221; global_colors_info=&#8221;{}&#8221;][et_pb_blog posts_number=&#8221;3&#8243; include_categories=&#8221;11,10&#8243; show_thumbnail=&#8221;off&#8221; excerpt_length=&#8221;0&#8243; show_more=&#8221;on&#8221; show_author=&#8221;off&#8221; show_categories=&#8221;off&#8221; _builder_version=&#8221;4.27.0&#8243; _module_preset=&#8221;default&#8221; header_line_height=&#8221;1.4em&#8221; text_orientation=&#8221;left&#8221; custom_padding=&#8221;29px|8%||8%|false|false&#8221; global_colors_info=&#8221;{}&#8221;][\/et_pb_blog][\/et_pb_column][\/et_pb_row][et_pb_row column_structure=&#8221;1_2,1_2&#8243; use_custom_gutter=&#8221;on&#8221; gutter_width=&#8221;1&#8243; make_equal=&#8221;on&#8221; _builder_version=&#8221;4.27.0&#8243; _module_preset=&#8221;default&#8221; width=&#8221;100%&#8221; max_width=&#8221;none&#8221; custom_margin=&#8221;2%|0px||0px|false|true&#8221; custom_padding=&#8221;0px||0px||false|false&#8221; module_alignment_tablet=&#8221;center&#8221; module_alignment_phone=&#8221;center&#8221; module_alignment_last_edited=&#8221;off|desktop&#8221; global_colors_info=&#8221;{}&#8221;][et_pb_column type=&#8221;1_2&#8243; _builder_version=&#8221;4.23.4&#8243; _module_preset=&#8221;default&#8221; background_enable_color=&#8221;off&#8221; background_enable_image=&#8221;off&#8221; parallax=&#8221;on&#8221; custom_padding=&#8221;20px|||0px|false|false&#8221; global_colors_info=&#8221;{}&#8221;][et_pb_image src=&#8221;https:\/\/meditacija-m.com\/wp-content\/uploads\/2024\/01\/dharmaway-dvorana.jpeg&#8221; title_text=&#8221;dharmaway-dvorana&#8221; _builder_version=&#8221;4.27.0&#8243; _module_preset=&#8221;default&#8221; global_colors_info=&#8221;{}&#8221;][\/et_pb_image][\/et_pb_column][et_pb_column type=&#8221;1_2&#8243; _builder_version=&#8221;4.23.4&#8243; _module_preset=&#8221;default&#8221; z_index=&#8221;10&#8243; custom_padding=&#8221;4%|8%|0px|8%|false|true&#8221; custom_padding_tablet=&#8221;|0px|||true|false&#8221; custom_padding_phone=&#8221;|0px|||true|false&#8221; custom_padding_last_edited=&#8221;off|tablet&#8221; border_color_all=&#8221;gcid-c89f5116-e22d-4a85-9acd-d2301e8087e7&#8243; global_colors_info=&#8221;{%22gcid-c89f5116-e22d-4a85-9acd-d2301e8087e7%22:%91%22border_color_all%22,%22border_color_right%22%93}&#8221;][et_pb_text _builder_version=&#8221;4.23.4&#8243; _module_preset=&#8221;b327cbe4-b1d5-4b66-ad37-40c8f2f061ba&#8221; custom_margin=&#8221;||10px||false|false&#8221; global_colors_info=&#8221;{%22gcid-dde5a108-6ff0-4332-95cd-17313c181436%22:%91%22header_2_text_color%22%93}&#8221;]<\/p>\n<h2>Zajedni\u010dke meditacije<\/h2>\n<p>[\/et_pb_text][et_pb_text _builder_version=&#8221;4.27.0&#8243; _module_preset=&#8221;1f09816e-184e-4ce5-a4cf-b39c52c423ca&#8221; text_font=&#8221;Raleway||||||||&#8221; text_text_color=&#8221;gcid-dde5a108-6ff0-4332-95cd-17313c181436&#8243; text_font_size=&#8221;16px&#8221; text_line_height=&#8221;1.8em&#8221; custom_padding=&#8221;||35px|||&#8221; hover_enabled=&#8221;0&#8243; text_font_size_tablet=&#8221;14px&#8221; text_font_size_phone=&#8221;13px&#8221; text_font_size_last_edited=&#8221;on|phone&#8221; header_font_size_tablet=&#8221;55px&#8221; header_font_size_last_edited=&#8221;off|desktop&#8221; global_colors_info=&#8221;{%22gcid-dde5a108-6ff0-4332-95cd-17313c181436%22:%91%22text_text_color%22%93}&#8221; sticky_enabled=&#8221;0&#8243;]<\/p>\n<p><span>Pridru\u017eite nam se nedjeljom od 18:00 do 20:00 na zajedni\u010dkim meditacijama s Mislavom u\u017eivo u DharmaWay yoga centru, Grada Mainza 24, Zagreb ili putem Google Meet-a.<\/span><\/p>\n<p>Za upute kako se uklju\u010diti na zajedni\u010dke meditacije putem Google Meet aplikacije kliknite na ponu\u0111eni gumb.<span><\/span><\/p>\n<p>[\/et_pb_text][et_pb_button button_url=&#8221;https:\/\/meditacija-m.com\/index.php\/zajednicke-meditacije\/&#8221; button_text=&#8221;Upute za spajanje&#8221; button_alignment=&#8221;left&#8221; _builder_version=&#8221;4.27.0&#8243; _module_preset=&#8221;31b4f027-aaa0-4f2f-ae02-959764e19e4f&#8221; custom_button=&#8221;on&#8221; button_text_size=&#8221;14px&#8221; button_text_color=&#8221;#FFFFFF&#8221; button_bg_color=&#8221;#4a5349&#8243; button_border_width=&#8221;0px&#8221; button_border_radius=&#8221;0px&#8221; button_letter_spacing=&#8221;0.2em&#8221; button_font=&#8221;Raleway|600||on|||||&#8221; custom_padding=&#8221;16px|24px|16px|24px|true|true&#8221; global_colors_info=&#8221;{}&#8221;][\/et_pb_button][\/et_pb_column][\/et_pb_row][et_pb_row column_structure=&#8221;1_2,1_2&#8243; use_custom_gutter=&#8221;on&#8221; gutter_width=&#8221;1&#8243; make_equal=&#8221;on&#8221; _builder_version=&#8221;4.27.0&#8243; _module_preset=&#8221;default&#8221; width=&#8221;100%&#8221; max_width=&#8221;none&#8221; custom_margin=&#8221;2%|0px||0px|false|true&#8221; custom_padding=&#8221;0px||0px||false|false&#8221; module_alignment_tablet=&#8221;center&#8221; module_alignment_phone=&#8221;center&#8221; module_alignment_last_edited=&#8221;off|desktop&#8221; global_colors_info=&#8221;{}&#8221;][et_pb_column type=&#8221;1_2&#8243; _builder_version=&#8221;4.23.4&#8243; _module_preset=&#8221;default&#8221; z_index=&#8221;10&#8243; custom_padding=&#8221;4%|8%|0px|8%|false|true&#8221; custom_padding_tablet=&#8221;|0px|||true|false&#8221; custom_padding_phone=&#8221;|0px|||true|false&#8221; custom_padding_last_edited=&#8221;off|tablet&#8221; border_color_all=&#8221;gcid-c89f5116-e22d-4a85-9acd-d2301e8087e7&#8243; global_colors_info=&#8221;{%22gcid-c89f5116-e22d-4a85-9acd-d2301e8087e7%22:%91%22border_color_all%22,%22border_color_right%22%93}&#8221;][et_pb_text _builder_version=&#8221;4.27.0&#8243; _module_preset=&#8221;b327cbe4-b1d5-4b66-ad37-40c8f2f061ba&#8221; custom_margin=&#8221;||10px||false|false&#8221; global_colors_info=&#8221;{%22gcid-dde5a108-6ff0-4332-95cd-17313c181436%22:%91%22header_2_text_color%22%93}&#8221;]<\/p>\n<h2>Meditacijska povla\u010denja<\/h2>\n<p>[\/et_pb_text][et_pb_text _builder_version=&#8221;4.27.0&#8243; _module_preset=&#8221;1f09816e-184e-4ce5-a4cf-b39c52c423ca&#8221; text_font=&#8221;Raleway||||||||&#8221; text_text_color=&#8221;gcid-dde5a108-6ff0-4332-95cd-17313c181436&#8243; text_font_size=&#8221;16px&#8221; text_line_height=&#8221;1.8em&#8221; custom_padding=&#8221;||35px|||&#8221; text_font_size_tablet=&#8221;14px&#8221; text_font_size_phone=&#8221;13px&#8221; text_font_size_last_edited=&#8221;on|phone&#8221; header_font_size_tablet=&#8221;55px&#8221; header_font_size_last_edited=&#8221;off|desktop&#8221; global_colors_info=&#8221;{%22gcid-dde5a108-6ff0-4332-95cd-17313c181436%22:%91%22text_text_color%22%93}&#8221;]<\/p>\n<p><span>Meditacijska povla\u010denja su prilika da produbimo na\u0161e meditativno iskustvo te da marljivo, u za to prilago\u0111enim uvjetima, razvijamo vje\u0161tinu radosnog \u017eivljenja<\/span><span><\/span><\/p>\n<p>[\/et_pb_text][et_pb_button button_url=&#8221;https:\/\/meditacija-m.com\/index.php\/meditacijska-povlacenja\/&#8221; button_text=&#8221;Vi\u0161e o povla\u010denjima&#8221; button_alignment=&#8221;left&#8221; _builder_version=&#8221;4.27.0&#8243; _module_preset=&#8221;31b4f027-aaa0-4f2f-ae02-959764e19e4f&#8221; custom_button=&#8221;on&#8221; button_text_size=&#8221;14px&#8221; button_text_color=&#8221;#FFFFFF&#8221; button_bg_color=&#8221;#4a5349&#8243; button_border_width=&#8221;0px&#8221; button_border_radius=&#8221;0px&#8221; button_letter_spacing=&#8221;0.2em&#8221; button_font=&#8221;Raleway|600||on|||||&#8221; custom_padding=&#8221;16px|24px|16px|24px|true|true&#8221; global_colors_info=&#8221;{}&#8221;][\/et_pb_button][\/et_pb_column][et_pb_column type=&#8221;1_2&#8243; _builder_version=&#8221;4.23.4&#8243; _module_preset=&#8221;default&#8221; background_enable_color=&#8221;off&#8221; background_enable_image=&#8221;off&#8221; parallax=&#8221;on&#8221; custom_padding=&#8221;20px|||0px|false|false&#8221; global_colors_info=&#8221;{}&#8221;][et_pb_image src=&#8221;https:\/\/meditacija-m.com\/wp-content\/uploads\/2024\/01\/vrata-meditacija-1024&#215;768.jpeg&#8221; title_text=&#8221;vrata-meditacija&#8221; _builder_version=&#8221;4.27.0&#8243; _module_preset=&#8221;default&#8221; global_colors_info=&#8221;{}&#8221;][\/et_pb_image][\/et_pb_column][\/et_pb_row][et_pb_row column_structure=&#8221;1_2,1_2&#8243; use_custom_gutter=&#8221;on&#8221; gutter_width=&#8221;1&#8243; make_equal=&#8221;on&#8221; _builder_version=&#8221;4.27.0&#8243; _module_preset=&#8221;default&#8221; width=&#8221;100%&#8221; max_width=&#8221;none&#8221; custom_margin=&#8221;2%|0px||0px|false|true&#8221; custom_padding=&#8221;0px||0px||false|false&#8221; module_alignment_tablet=&#8221;center&#8221; module_alignment_phone=&#8221;center&#8221; module_alignment_last_edited=&#8221;off|desktop&#8221; global_colors_info=&#8221;{}&#8221;][et_pb_column type=&#8221;1_2&#8243; _builder_version=&#8221;4.23.4&#8243; _module_preset=&#8221;default&#8221; background_enable_color=&#8221;off&#8221; background_enable_image=&#8221;off&#8221; parallax=&#8221;on&#8221; custom_padding=&#8221;20px|||0px|false|false&#8221; global_colors_info=&#8221;{}&#8221;][et_pb_image src=&#8221;https:\/\/meditacija-m.com\/wp-content\/uploads\/2024\/11\/Mislav_Divya.jpg&#8221; title_text=&#8221;Mislav_Divya&#8221; force_fullwidth=&#8221;on&#8221; _builder_version=&#8221;4.27.0&#8243; _module_preset=&#8221;default&#8221; global_colors_info=&#8221;{}&#8221;][\/et_pb_image][\/et_pb_column][et_pb_column type=&#8221;1_2&#8243; _builder_version=&#8221;4.23.4&#8243; _module_preset=&#8221;default&#8221; z_index=&#8221;10&#8243; custom_padding=&#8221;4%|8%|0px|8%|false|true&#8221; custom_padding_tablet=&#8221;|0px|||true|false&#8221; custom_padding_phone=&#8221;|0px|||true|false&#8221; custom_padding_last_edited=&#8221;off|tablet&#8221; border_color_all=&#8221;gcid-c89f5116-e22d-4a85-9acd-d2301e8087e7&#8243; global_colors_info=&#8221;{%22gcid-c89f5116-e22d-4a85-9acd-d2301e8087e7%22:%91%22border_color_all%22,%22border_color_right%22%93}&#8221;][et_pb_text _builder_version=&#8221;4.27.0&#8243; _module_preset=&#8221;b327cbe4-b1d5-4b66-ad37-40c8f2f061ba&#8221; custom_margin=&#8221;||10px||false|false&#8221; global_colors_info=&#8221;{%22gcid-dde5a108-6ff0-4332-95cd-17313c181436%22:%91%22header_2_text_color%22,%22header_2_text_color%22%93}&#8221;]<\/p>\n<h2>Snimke predavanja<\/h2>\n<p>[\/et_pb_text][et_pb_text _builder_version=&#8221;4.27.0&#8243; _module_preset=&#8221;1f09816e-184e-4ce5-a4cf-b39c52c423ca&#8221; text_font=&#8221;Raleway||||||||&#8221; text_text_color=&#8221;gcid-dde5a108-6ff0-4332-95cd-17313c181436&#8243; text_font_size=&#8221;16px&#8221; text_line_height=&#8221;1.8em&#8221; custom_padding=&#8221;||35px|||&#8221; text_font_size_tablet=&#8221;14px&#8221; text_font_size_phone=&#8221;13px&#8221; text_font_size_last_edited=&#8221;on|phone&#8221; header_font_size_tablet=&#8221;55px&#8221; header_font_size_last_edited=&#8221;off|desktop&#8221; global_colors_info=&#8221;{%22gcid-dde5a108-6ff0-4332-95cd-17313c181436%22:%91%22text_text_color%22%93}&#8221;]<\/p>\n<p><span>Snimkama predavanja i vo\u0111enih meditacija mo\u017eete pristupiti<\/span> klikom na ponu\u0111eni gumb ili na spotify podcastu &#8220;Meditacije s Mislavom&#8221;.<span><\/span><\/p>\n<p>[\/et_pb_text][et_pb_button button_url=&#8221;https:\/\/meditacija-m.com\/index.php\/snimke-predavanja\/&#8221; button_text=&#8221;Snimke predavanja&#8221; button_alignment=&#8221;left&#8221; _builder_version=&#8221;4.27.0&#8243; _module_preset=&#8221;31b4f027-aaa0-4f2f-ae02-959764e19e4f&#8221; custom_button=&#8221;on&#8221; button_text_size=&#8221;14px&#8221; button_text_color=&#8221;#FFFFFF&#8221; button_bg_color=&#8221;#4a5349&#8243; button_border_width=&#8221;0px&#8221; button_border_radius=&#8221;0px&#8221; button_letter_spacing=&#8221;0.2em&#8221; button_font=&#8221;Raleway|600||on|||||&#8221; custom_padding=&#8221;16px|24px|16px|24px|true|true&#8221; global_colors_info=&#8221;{}&#8221;][\/et_pb_button][\/et_pb_column][\/et_pb_row][et_pb_row column_structure=&#8221;1_2,1_2&#8243; use_custom_gutter=&#8221;on&#8221; gutter_width=&#8221;1&#8243; make_equal=&#8221;on&#8221; _builder_version=&#8221;4.27.0&#8243; _module_preset=&#8221;default&#8221; width=&#8221;100%&#8221; max_width=&#8221;none&#8221; custom_margin=&#8221;2%|0px||0px|false|true&#8221; custom_padding=&#8221;0px||0px||false|false&#8221; module_alignment_tablet=&#8221;center&#8221; module_alignment_phone=&#8221;center&#8221; module_alignment_last_edited=&#8221;off|desktop&#8221; global_colors_info=&#8221;{}&#8221;][et_pb_column type=&#8221;1_2&#8243; _builder_version=&#8221;4.23.4&#8243; _module_preset=&#8221;default&#8221; z_index=&#8221;10&#8243; custom_padding=&#8221;4%|8%|0px|8%|false|true&#8221; custom_padding_tablet=&#8221;|0px|||true|false&#8221; custom_padding_phone=&#8221;|0px|||true|false&#8221; custom_padding_last_edited=&#8221;off|tablet&#8221; border_color_all=&#8221;gcid-c89f5116-e22d-4a85-9acd-d2301e8087e7&#8243; global_colors_info=&#8221;{%22gcid-c89f5116-e22d-4a85-9acd-d2301e8087e7%22:%91%22border_color_all%22,%22border_color_right%22%93}&#8221;][et_pb_text _builder_version=&#8221;4.23.4&#8243; _module_preset=&#8221;b327cbe4-b1d5-4b66-ad37-40c8f2f061ba&#8221; custom_margin=&#8221;||10px||false|false&#8221; global_colors_info=&#8221;{%22gcid-dde5a108-6ff0-4332-95cd-17313c181436%22:%91%22header_2_text_color%22,%22header_2_text_color%22%93}&#8221;]<\/p>\n<h2>O u\u010ditelju<\/h2>\n<p>[\/et_pb_text][et_pb_text _builder_version=&#8221;4.23.4&#8243; _module_preset=&#8221;1f09816e-184e-4ce5-a4cf-b39c52c423ca&#8221; text_font=&#8221;Raleway||||||||&#8221; text_text_color=&#8221;gcid-dde5a108-6ff0-4332-95cd-17313c181436&#8243; text_font_size=&#8221;16px&#8221; text_line_height=&#8221;1.8em&#8221; custom_padding=&#8221;||17px|||&#8221; text_font_size_tablet=&#8221;14px&#8221; text_font_size_phone=&#8221;13px&#8221; text_font_size_last_edited=&#8221;on|phone&#8221; header_font_size_tablet=&#8221;55px&#8221; header_font_size_last_edited=&#8221;off|desktop&#8221; global_colors_info=&#8221;{%22gcid-dde5a108-6ff0-4332-95cd-17313c181436%22:%91%22text_text_color%22%93}&#8221;]<\/p>\n<p><span>Kazali\u0161ni i radiodramski redatelj, diplomirao na Kazali\u0161noj Akademiji u Utrechtu, Nizozemska.<\/p>\n<p>Meditacijom se susre\u0107e 1996. no duboki interes na teorijskoj i prakti\u010dnoj razini zapo\u010dinje 2003. Od tada biva na mnogim povla\u010denjima Vipassana i Zen isto\u010dnja\u010dkih i zapadnih majstora, slijede\u0107i upute usredoto\u010dene na razvoj pomnosti i dobrohotne ljubavi (Mindfulness i Metta meditacija).\u00a0Ima strast predati informaciju, upravo onu za koju dr\u017ei da mu je samom pomogla na putu kroz \u017eivot. <\/p>\n<p>Njegov u\u010ditelj, malezijski budisti\u010dki redovnik i poznati Vipassana majstor Bhante Sujiva, autorizirao ga je da podu\u010dava.<\/span><\/p>\n<p>[\/et_pb_text][\/et_pb_column][et_pb_column type=&#8221;1_2&#8243; _builder_version=&#8221;4.23.4&#8243; _module_preset=&#8221;default&#8221; background_enable_color=&#8221;off&#8221; background_enable_image=&#8221;off&#8221; parallax=&#8221;on&#8221; custom_padding=&#8221;20px|||0px|false|false&#8221; global_colors_info=&#8221;{}&#8221;][et_pb_image src=&#8221;https:\/\/meditacija-m.com\/wp-content\/uploads\/2024\/01\/mislav-closeup-bw.jpeg&#8221; title_text=&#8221;mislav-closeup-bw&#8221; _builder_version=&#8221;4.23.4&#8243; _module_preset=&#8221;default&#8221; global_colors_info=&#8221;{}&#8221;][\/et_pb_image][\/et_pb_column][\/et_pb_row][et_pb_row column_structure=&#8221;1_2,1_2&#8243; use_custom_gutter=&#8221;on&#8221; gutter_width=&#8221;1&#8243; make_equal=&#8221;on&#8221; _builder_version=&#8221;4.27.0&#8243; _module_preset=&#8221;default&#8221; width=&#8221;100%&#8221; max_width=&#8221;none&#8221; custom_margin=&#8221;2%|0px||0px|false|true&#8221; custom_padding=&#8221;0px||0px||false|false&#8221; module_alignment_tablet=&#8221;center&#8221; module_alignment_phone=&#8221;center&#8221; module_alignment_last_edited=&#8221;off|desktop&#8221; global_colors_info=&#8221;{}&#8221;][et_pb_column type=&#8221;1_2&#8243; _builder_version=&#8221;4.23.4&#8243; _module_preset=&#8221;default&#8221; background_enable_color=&#8221;off&#8221; background_enable_image=&#8221;off&#8221; parallax=&#8221;on&#8221; custom_padding=&#8221;20px|||0px|false|false&#8221; global_colors_info=&#8221;{}&#8221;][et_pb_image src=&#8221;https:\/\/meditacija-m.com\/wp-content\/uploads\/2024\/11\/ai-generated-8936264_1920.jpg&#8221; title_text=&#8221;Individualni satovi&#8221; force_fullwidth=&#8221;on&#8221; _builder_version=&#8221;4.27.0&#8243; _module_preset=&#8221;default&#8221; global_colors_info=&#8221;{}&#8221;][\/et_pb_image][\/et_pb_column][et_pb_column type=&#8221;1_2&#8243; _builder_version=&#8221;4.23.4&#8243; _module_preset=&#8221;default&#8221; z_index=&#8221;10&#8243; custom_padding=&#8221;4%|8%|0px|8%|false|true&#8221; custom_padding_tablet=&#8221;|0px|||true|false&#8221; custom_padding_phone=&#8221;|0px|||true|false&#8221; custom_padding_last_edited=&#8221;off|tablet&#8221; border_color_all=&#8221;gcid-c89f5116-e22d-4a85-9acd-d2301e8087e7&#8243; global_colors_info=&#8221;{%22gcid-c89f5116-e22d-4a85-9acd-d2301e8087e7%22:%91%22border_color_all%22,%22border_color_right%22%93}&#8221;][et_pb_text _builder_version=&#8221;4.27.0&#8243; _module_preset=&#8221;b327cbe4-b1d5-4b66-ad37-40c8f2f061ba&#8221; custom_margin=&#8221;||10px||false|false&#8221; global_colors_info=&#8221;{%22gcid-dde5a108-6ff0-4332-95cd-17313c181436%22:%91%22header_2_text_color%22,%22header_2_text_color%22%93}&#8221;]<\/p>\n<h2><span data-olk-copy-source=\"MessageBody\">Individualni satovi<\/span><\/h2>\n<p>[\/et_pb_text][et_pb_text _builder_version=&#8221;4.27.0&#8243; _module_preset=&#8221;1f09816e-184e-4ce5-a4cf-b39c52c423ca&#8221; text_font=&#8221;Raleway||||||||&#8221; text_text_color=&#8221;gcid-dde5a108-6ff0-4332-95cd-17313c181436&#8243; text_font_size=&#8221;16px&#8221; text_line_height=&#8221;1.8em&#8221; custom_padding=&#8221;||35px|||&#8221; text_font_size_tablet=&#8221;14px&#8221; text_font_size_phone=&#8221;13px&#8221; text_font_size_last_edited=&#8221;on|phone&#8221; header_font_size_tablet=&#8221;55px&#8221; header_font_size_last_edited=&#8221;off|desktop&#8221; global_colors_info=&#8221;{%22gcid-dde5a108-6ff0-4332-95cd-17313c181436%22:%91%22text_text_color%22%93}&#8221;]<\/p>\n<p>Individualni satovi dogovaraju se izravno s u\u010diteljem te se odvijaju putem Zoom aplikacije ili prema dogovoru.<\/p>\n<p>U slu\u010daju da \u017eelite individualne satove s Mislavom molimo pi\u0161ete na <a href=\"mailto:mislav.brecic@gmail.com\">mislav.brecic@gmail.com<\/a><span><\/span><\/p>\n<p>[\/et_pb_text][et_pb_button button_url=&#8221;https:\/\/meditacija-m.com\/index.php\/kontakt\/&#8221; button_text=&#8221;Kontakt&#8221; button_alignment=&#8221;left&#8221; _builder_version=&#8221;4.27.0&#8243; _module_preset=&#8221;31b4f027-aaa0-4f2f-ae02-959764e19e4f&#8221; custom_button=&#8221;on&#8221; button_text_size=&#8221;14px&#8221; button_text_color=&#8221;#FFFFFF&#8221; button_bg_color=&#8221;#4a5349&#8243; button_border_width=&#8221;0px&#8221; button_border_radius=&#8221;0px&#8221; button_letter_spacing=&#8221;0.2em&#8221; button_font=&#8221;Raleway|600||on|||||&#8221; custom_padding=&#8221;16px|24px|16px|24px|true|true&#8221; global_colors_info=&#8221;{}&#8221;][\/et_pb_button][\/et_pb_column][\/et_pb_row][et_pb_row column_structure=&#8221;1_2,1_2&#8243; use_custom_gutter=&#8221;on&#8221; gutter_width=&#8221;1&#8243; make_equal=&#8221;on&#8221; _builder_version=&#8221;4.27.0&#8243; _module_preset=&#8221;default&#8221; width=&#8221;100%&#8221; max_width=&#8221;none&#8221; custom_margin=&#8221;2%|0px||0px|false|true&#8221; custom_padding=&#8221;0px||0px||false|false&#8221; module_alignment_tablet=&#8221;center&#8221; module_alignment_phone=&#8221;center&#8221; module_alignment_last_edited=&#8221;off|desktop&#8221; global_colors_info=&#8221;{}&#8221;][et_pb_column type=&#8221;1_2&#8243; _builder_version=&#8221;4.27.0&#8243; _module_preset=&#8221;default&#8221; z_index=&#8221;10&#8243; custom_padding=&#8221;4%|8%|0px|8%|false|true&#8221; custom_padding_tablet=&#8221;|0px|||true|false&#8221; custom_padding_phone=&#8221;|0px|||true|false&#8221; custom_padding_last_edited=&#8221;off|tablet&#8221; border_color_all=&#8221;gcid-c89f5116-e22d-4a85-9acd-d2301e8087e7&#8243; global_colors_info=&#8221;{%22gcid-c89f5116-e22d-4a85-9acd-d2301e8087e7%22:%91%22border_color_all%22,%22border_color_right%22%93}&#8221;][et_pb_text _builder_version=&#8221;4.23.4&#8243; _module_preset=&#8221;b327cbe4-b1d5-4b66-ad37-40c8f2f061ba&#8221; custom_margin=&#8221;||10px||false|false&#8221; global_colors_info=&#8221;{%22gcid-dde5a108-6ff0-4332-95cd-17313c181436%22:%91%22header_2_text_color%22%93}&#8221;]<\/p>\n<h2>Kalendar doga\u0111anja<\/h2>\n<p>[\/et_pb_text][et_pb_text _builder_version=&#8221;4.23.4&#8243; _module_preset=&#8221;1f09816e-184e-4ce5-a4cf-b39c52c423ca&#8221; text_font=&#8221;Raleway||||||||&#8221; text_text_color=&#8221;gcid-dde5a108-6ff0-4332-95cd-17313c181436&#8243; text_font_size=&#8221;16px&#8221; text_line_height=&#8221;1.8em&#8221; custom_padding=&#8221;||35px|||&#8221; text_font_size_tablet=&#8221;14px&#8221; text_font_size_phone=&#8221;13px&#8221; text_font_size_last_edited=&#8221;on|phone&#8221; header_font_size_tablet=&#8221;55px&#8221; header_font_size_last_edited=&#8221;off|desktop&#8221; global_colors_info=&#8221;{%22gcid-dde5a108-6ff0-4332-95cd-17313c181436%22:%91%22text_text_color%22%93}&#8221;]<\/p>\n<p>Na kalendaru doga\u0111anja mo\u017eete vidjeti raspored svih najavljenih predavanja i povla\u010denja. Klikom na doga\u0111anje u kalendaru otvara se prozor koji sadr\u017ei dodatne detalje vezane za doga\u0111anje (upute, prijavnice, itd&#8230;).<\/p>\n<p>[\/et_pb_text][\/et_pb_column][et_pb_column type=&#8221;1_2&#8243; _builder_version=&#8221;4.23.4&#8243; _module_preset=&#8221;default&#8221; background_enable_color=&#8221;off&#8221; background_enable_image=&#8221;off&#8221; parallax=&#8221;on&#8221; custom_padding=&#8221;20px|||0px|false|false&#8221; global_colors_info=&#8221;{}&#8221;][et_pb_code _builder_version=&#8221;4.23.4&#8243; _module_preset=&#8221;default&#8221; global_colors_info=&#8221;{}&#8221;]<div class=\"simcal-calendar simcal-default-calendar simcal-default-calendar-grid simcal-default-calendar-light\" data-calendar-id=\"98\" data-timezone=\"Europe\/Zagreb\" data-offset=\"7200\" data-week-start=\"1\" data-calendar-start=\"1777759200\" data-calendar-end=\"1809280800\" data-events-first=\"1776009600\" data-events-last=\"1809280800\">\n\t\t\t\n            <table class=\"simcal-calendar-grid\"\n                   data-event-bubble-trigger=\"hover\">\n                <thead class=\"simcal-calendar-head\">\n                <tr>\n\t\t\t\t\t                        <th class=\"simcal-nav simcal-prev-wrapper\" colspan=\"1\">\n                            <button class=\"simcal-nav-button simcal-month-nav simcal-prev\" title=\"Previous Month\"><i class=\"simcal-icon-left\"><\/i><\/button>\n                        <\/th>\n\t\t\t\t\t                    <th colspan=\"5\"\n                        class=\"simcal-nav simcal-current\"\n                        data-calendar-current=\"1777759200\">\n\t\t\t\t\t\t<h3> <span class=\"simcal-current-month\">May<\/span>  <span class=\"simcal-current-year\">2026<\/span> <\/h3>                    <\/th>\n\t\t\t\t\t                        <th class=\"simcal-nav simcal-next-wrapper\" colspan=\"1\">\n                            <button class=\"simcal-nav-button simcal-month-nav simcal-next\" title=\"Next Month\"><i class=\"simcal-icon-right\"><\/i><\/button>\n                        <\/th>\n\t\t\t\t\t                <\/tr>\n                <tr>\n\t\t\t\t\t                        <th class=\"simcal-week-day simcal-week-day-1\"\n                            data-screen-small=\"M\"\n                            data-screen-medium=\"Mon\"\n                            data-screen-large=\"Monday\">Mon<\/th>\n\t\t\t\t\t\t                        <th class=\"simcal-week-day simcal-week-day-2\"\n                            data-screen-small=\"T\"\n                            data-screen-medium=\"Tue\"\n                            data-screen-large=\"Tuesday\">Tue<\/th>\n\t\t\t\t\t\t                        <th class=\"simcal-week-day simcal-week-day-3\"\n                            data-screen-small=\"W\"\n                            data-screen-medium=\"Wed\"\n                            data-screen-large=\"Wednesday\">Wed<\/th>\n\t\t\t\t\t\t                        <th class=\"simcal-week-day simcal-week-day-4\"\n                            data-screen-small=\"T\"\n                            data-screen-medium=\"Thu\"\n                            data-screen-large=\"Thursday\">Thu<\/th>\n\t\t\t\t\t\t                        <th class=\"simcal-week-day simcal-week-day-5\"\n                            data-screen-small=\"F\"\n                            data-screen-medium=\"Fri\"\n                            data-screen-large=\"Friday\">Fri<\/th>\n\t\t\t\t\t\t                        <th class=\"simcal-week-day simcal-week-day-6\"\n                            data-screen-small=\"S\"\n                            data-screen-medium=\"Sat\"\n                            data-screen-large=\"Saturday\">Sat<\/th>\n\t\t\t\t\t\t                            <th class=\"simcal-week-day simcal-week-day-0\"\n                                data-screen-small=\"S\"\n                                data-screen-medium=\"Sun\"\n                                data-screen-large=\"Sunday\">Sun<\/th>\n\t\t\t\t\t\t\t                <\/tr>\n                <\/thead>\n\n\t\t\t\t<tbody class=\"simcal-month simcal-month-5\">\n\t<tr class=\"simcal-week simcal-week-18\"><td class=\"simcal-day simcal-day-void \"><\/td>\n<td class=\"simcal-day simcal-day-void \"><\/td>\n<td class=\"simcal-day simcal-day-void \"><\/td>\n<td class=\"simcal-day simcal-day-void simcal-day-void-last\"><\/td>\n<td class=\"simcal-day-1 simcal-weekday-5 simcal-past simcal-day\" data-events-count=\"0\">\n\t<div>\n\t\t<span class=\"simcal-day-label simcal-day-number\">1<\/span>\n\t\t<span class=\"simcal-no-events\"><\/span>\n\t\t<span class=\"simcal-events-dots\" style=\"display: none;\"><\/span>\n\t<\/div>\n<\/td>\n<td class=\"simcal-day-2 simcal-weekday-6 simcal-past simcal-day\" data-events-count=\"0\">\n\t<div>\n\t\t<span class=\"simcal-day-label simcal-day-number\">2<\/span>\n\t\t<span class=\"simcal-no-events\"><\/span>\n\t\t<span class=\"simcal-events-dots\" style=\"display: none;\"><\/span>\n\t<\/div>\n<\/td>\n<td class=\"simcal-day-3 simcal-weekday-0 simcal-today simcal-present simcal-day\" data-events-count=\"0\">\n\t<div style=\"border: 1px solid #1e73be;\">\n\t\t<span class=\"simcal-day-label simcal-day-number\" style=\"background-color: #1e73be; color: #ffffff\">3<\/span>\n\t\t<span class=\"simcal-no-events\"><\/span>\n\t\t<span class=\"simcal-events-dots\" style=\"display: none;\"><\/span>\n\t<\/div>\n<\/td>\n<\/tr><tr class=\"simcal-week simcal-week-18\">\n<td class=\"simcal-day-4 simcal-weekday-1 simcal-future simcal-day\" data-events-count=\"0\">\n\t<div>\n\t\t<span class=\"simcal-day-label simcal-day-number\">4<\/span>\n\t\t<span class=\"simcal-no-events\"><\/span>\n\t\t<span class=\"simcal-events-dots\" style=\"display: none;\"><\/span>\n\t<\/div>\n<\/td>\n<td class=\"simcal-day-5 simcal-weekday-2 simcal-future simcal-day\" data-events-count=\"0\">\n\t<div>\n\t\t<span class=\"simcal-day-label simcal-day-number\">5<\/span>\n\t\t<span class=\"simcal-no-events\"><\/span>\n\t\t<span class=\"simcal-events-dots\" style=\"display: none;\"><\/span>\n\t<\/div>\n<\/td>\n<td class=\"simcal-day-6 simcal-weekday-3 simcal-future simcal-day\" data-events-count=\"0\">\n\t<div>\n\t\t<span class=\"simcal-day-label simcal-day-number\">6<\/span>\n\t\t<span class=\"simcal-no-events\"><\/span>\n\t\t<span class=\"simcal-events-dots\" style=\"display: none;\"><\/span>\n\t<\/div>\n<\/td>\n<td class=\"simcal-day-7 simcal-weekday-4 simcal-future simcal-day simcal-day-has-events simcal-day-has-1-events simcal-events-calendar-98\" data-events-count=\"1\">\n\t<div>\n\t\t<span class=\"simcal-day-label simcal-day-number\" style=\"background-color: #dd9933; color: #000000\">7<\/span>\n\t\t<ul class=\"simcal-events\">\t<li class=\"simcal-event simcal-events-calendar-98 simcal-tooltip\" itemscope itemtype=\"http:\/\/schema.org\/Event\">\n\t\t<span class=\"simcal-event-title\">Povla\u010denje u Vratima, Gorski Kotar<\/span>\n\t\t<div class=\"simcal-event-details simcal-tooltip-content\" style=\"display: none;\"><p><strong><span class=\"simcal-event-title\" itemprop=\"name\">Povla\u010denje u Vratima, Gorski Kotar<\/span><\/strong><\/p>\n<p><span class=\"simcal-event-start simcal-event-start-date\" data-event-start=\"1778104859\" data-event-format=\"m\/d\/Y\" itemprop=\"startDate\" content=\"2026-05-07T00:00:59+02:00\">05\/07\/2026<\/span> - <span class=\"simcal-event-start simcal-event-end-date\" data-event-start=\"1778450341\" data-event-format=\"m\/d\/Y\" itemprop=\"endDate\" content=\"2026-05-10T23:59:01+02:00\">05\/10\/2026<\/span>&nbsp;&nbsp;<br \/>\n <span class=\"simcal-event-address simcal-event-start-location\" itemprop=\"location\" itemscope itemtype=\"http:\/\/schema.org\/Place\"><meta itemprop=\"name\" content=\"Povla\u010denje u Vratima, Gorski Kotar\" \/><meta itemprop=\"address\" content=\"Povla\u010denje u Vratima, Gorski Kotar\" \/><\/span><\/p>\n<div><div class=\"simcal-event-description\" itemprop=\"description\"><p>Dragi svi,\u00a0<\/p>\n<p>obavje\u0161tavamo vas da \u0107e se od 7. - 10.5.2026. odr\u017eati vipassana meditacijsko povla\u010denje s Mislavom u Vratima, Gorski Kotar. Povla\u010denje po\u010dinje 7.5. u 19h, a zavr\u0161ava 10.5. iza ru\u010dka, oko 15h.<\/p>\n<p>Za informacije o povla\u010denju i uputama za uplatu kliknite ovdje:<br \/><a href=\"https:\/\/docs.google.com\/document\/d\/16fb9eeE6V-YoihYSPZGdiEc22X7GJTA-_uTfeUcTdMs\/edit?usp=sharing\" target=\"_blank\" class=\"pastedDriveLink-0\"><u>Info o povla\u010denju<\/u><\/a><\/p>\n<p>Za prijavu na povla\u010denje kliknite ovdje:\u00a0<br \/><a href=\"https:\/\/forms.gle\/gyGi1KdoDmubjyQH6\" target=\"_blank\"><u>Prijava na povla\u010denje<\/u><\/a><\/p>\n<p>Za sva pitanja molimo vas da pi\u0161ete organizatorici povla\u010denja Ines na\u00a0<a href=\"mailto:meditacija.m@gmail.com\" target=\"_blank\"><u>meditacija.m@gmail.com<\/u><\/a><\/p>\n<p>Svako dobro \ud83d\udc95<\/p>\n<\/div><\/div>\n<p> <a href=\"https:\/\/www.google.com\/calendar\/event?eid=NXF2MWFzZWZ0anBoZWc1Y2lxdm83OXQxanQgbWVkaXRhY2lqYS5tQG0&#038;ctz=Europe\/Belgrade\" target=\"_blank\" >See more details<\/a><\/p><\/div>\n\t<\/li>\n<\/ul>\n\n\t\t<span class=\"simcal-events-dots\" style=\"display: none;\"><b style=\"color: #000;\"> &bull; <\/b><\/span>\n\t<\/div>\n<\/td>\n<td class=\"simcal-day-8 simcal-weekday-5 simcal-future simcal-day simcal-day-has-events simcal-day-has-1-events simcal-events-calendar-98\" data-events-count=\"1\">\n\t<div>\n\t\t<span class=\"simcal-day-label simcal-day-number\" style=\"background-color: #dd9933; color: #000000\">8<\/span>\n\t\t<ul class=\"simcal-events\">\t<li class=\"simcal-event simcal-events-calendar-98 simcal-tooltip\" itemscope itemtype=\"http:\/\/schema.org\/Event\">\n\t\t<span class=\"simcal-event-title\">Povla\u010denje u Vratima, Gorski Kotar<\/span>\n\t\t<div class=\"simcal-event-details simcal-tooltip-content\" style=\"display: none;\"><p><strong><span class=\"simcal-event-title\" itemprop=\"name\">Povla\u010denje u Vratima, Gorski Kotar<\/span><\/strong><\/p>\n<p><span class=\"simcal-event-start simcal-event-start-date\" data-event-start=\"1778104859\" data-event-format=\"m\/d\/Y\" itemprop=\"startDate\" content=\"2026-05-07T00:00:59+02:00\">05\/07\/2026<\/span> - <span class=\"simcal-event-start simcal-event-end-date\" data-event-start=\"1778450341\" data-event-format=\"m\/d\/Y\" itemprop=\"endDate\" content=\"2026-05-10T23:59:01+02:00\">05\/10\/2026<\/span>&nbsp;&nbsp;<br \/>\n <span class=\"simcal-event-address simcal-event-start-location\" itemprop=\"location\" itemscope itemtype=\"http:\/\/schema.org\/Place\"><meta itemprop=\"name\" content=\"Povla\u010denje u Vratima, Gorski Kotar\" \/><meta itemprop=\"address\" content=\"Povla\u010denje u Vratima, Gorski Kotar\" \/><\/span><\/p>\n<div><div class=\"simcal-event-description\" itemprop=\"description\"><p>Dragi svi,\u00a0<\/p>\n<p>obavje\u0161tavamo vas da \u0107e se od 7. - 10.5.2026. odr\u017eati vipassana meditacijsko povla\u010denje s Mislavom u Vratima, Gorski Kotar. Povla\u010denje po\u010dinje 7.5. u 19h, a zavr\u0161ava 10.5. iza ru\u010dka, oko 15h.<\/p>\n<p>Za informacije o povla\u010denju i uputama za uplatu kliknite ovdje:<br \/><a href=\"https:\/\/docs.google.com\/document\/d\/16fb9eeE6V-YoihYSPZGdiEc22X7GJTA-_uTfeUcTdMs\/edit?usp=sharing\" target=\"_blank\" class=\"pastedDriveLink-0\"><u>Info o povla\u010denju<\/u><\/a><\/p>\n<p>Za prijavu na povla\u010denje kliknite ovdje:\u00a0<br \/><a href=\"https:\/\/forms.gle\/gyGi1KdoDmubjyQH6\" target=\"_blank\"><u>Prijava na povla\u010denje<\/u><\/a><\/p>\n<p>Za sva pitanja molimo vas da pi\u0161ete organizatorici povla\u010denja Ines na\u00a0<a href=\"mailto:meditacija.m@gmail.com\" target=\"_blank\"><u>meditacija.m@gmail.com<\/u><\/a><\/p>\n<p>Svako dobro \ud83d\udc95<\/p>\n<\/div><\/div>\n<p> <a href=\"https:\/\/www.google.com\/calendar\/event?eid=NXF2MWFzZWZ0anBoZWc1Y2lxdm83OXQxanQgbWVkaXRhY2lqYS5tQG0&#038;ctz=Europe\/Belgrade\" target=\"_blank\" >See more details<\/a><\/p><\/div>\n\t<\/li>\n<\/ul>\n\n\t\t<span class=\"simcal-events-dots\" style=\"display: none;\"><b style=\"color: #000;\"> &bull; <\/b><\/span>\n\t<\/div>\n<\/td>\n<td class=\"simcal-day-9 simcal-weekday-6 simcal-future simcal-day simcal-day-has-events simcal-day-has-1-events simcal-events-calendar-98\" data-events-count=\"1\">\n\t<div>\n\t\t<span class=\"simcal-day-label simcal-day-number\" style=\"background-color: #dd9933; color: #000000\">9<\/span>\n\t\t<ul class=\"simcal-events\">\t<li class=\"simcal-event simcal-events-calendar-98 simcal-tooltip\" itemscope itemtype=\"http:\/\/schema.org\/Event\">\n\t\t<span class=\"simcal-event-title\">Povla\u010denje u Vratima, Gorski Kotar<\/span>\n\t\t<div class=\"simcal-event-details simcal-tooltip-content\" style=\"display: none;\"><p><strong><span class=\"simcal-event-title\" itemprop=\"name\">Povla\u010denje u Vratima, Gorski Kotar<\/span><\/strong><\/p>\n<p><span class=\"simcal-event-start simcal-event-start-date\" data-event-start=\"1778104859\" data-event-format=\"m\/d\/Y\" itemprop=\"startDate\" content=\"2026-05-07T00:00:59+02:00\">05\/07\/2026<\/span> - <span class=\"simcal-event-start simcal-event-end-date\" data-event-start=\"1778450341\" data-event-format=\"m\/d\/Y\" itemprop=\"endDate\" content=\"2026-05-10T23:59:01+02:00\">05\/10\/2026<\/span>&nbsp;&nbsp;<br \/>\n <span class=\"simcal-event-address simcal-event-start-location\" itemprop=\"location\" itemscope itemtype=\"http:\/\/schema.org\/Place\"><meta itemprop=\"name\" content=\"Povla\u010denje u Vratima, Gorski Kotar\" \/><meta itemprop=\"address\" content=\"Povla\u010denje u Vratima, Gorski Kotar\" \/><\/span><\/p>\n<div><div class=\"simcal-event-description\" itemprop=\"description\"><p>Dragi svi,\u00a0<\/p>\n<p>obavje\u0161tavamo vas da \u0107e se od 7. - 10.5.2026. odr\u017eati vipassana meditacijsko povla\u010denje s Mislavom u Vratima, Gorski Kotar. Povla\u010denje po\u010dinje 7.5. u 19h, a zavr\u0161ava 10.5. iza ru\u010dka, oko 15h.<\/p>\n<p>Za informacije o povla\u010denju i uputama za uplatu kliknite ovdje:<br \/><a href=\"https:\/\/docs.google.com\/document\/d\/16fb9eeE6V-YoihYSPZGdiEc22X7GJTA-_uTfeUcTdMs\/edit?usp=sharing\" target=\"_blank\" class=\"pastedDriveLink-0\"><u>Info o povla\u010denju<\/u><\/a><\/p>\n<p>Za prijavu na povla\u010denje kliknite ovdje:\u00a0<br \/><a href=\"https:\/\/forms.gle\/gyGi1KdoDmubjyQH6\" target=\"_blank\"><u>Prijava na povla\u010denje<\/u><\/a><\/p>\n<p>Za sva pitanja molimo vas da pi\u0161ete organizatorici povla\u010denja Ines na\u00a0<a href=\"mailto:meditacija.m@gmail.com\" target=\"_blank\"><u>meditacija.m@gmail.com<\/u><\/a><\/p>\n<p>Svako dobro \ud83d\udc95<\/p>\n<\/div><\/div>\n<p> <a href=\"https:\/\/www.google.com\/calendar\/event?eid=NXF2MWFzZWZ0anBoZWc1Y2lxdm83OXQxanQgbWVkaXRhY2lqYS5tQG0&#038;ctz=Europe\/Belgrade\" target=\"_blank\" >See more details<\/a><\/p><\/div>\n\t<\/li>\n<\/ul>\n\n\t\t<span class=\"simcal-events-dots\" style=\"display: none;\"><b style=\"color: #000;\"> &bull; <\/b><\/span>\n\t<\/div>\n<\/td>\n<td class=\"simcal-day-10 simcal-weekday-0 simcal-future simcal-day simcal-day-has-events simcal-day-has-1-events simcal-events-calendar-98\" data-events-count=\"1\">\n\t<div>\n\t\t<span class=\"simcal-day-label simcal-day-number\" style=\"background-color: #dd9933; color: #000000\">10<\/span>\n\t\t<ul class=\"simcal-events\">\t<li class=\"simcal-event simcal-events-calendar-98 simcal-tooltip\" itemscope itemtype=\"http:\/\/schema.org\/Event\">\n\t\t<span class=\"simcal-event-title\">Povla\u010denje u Vratima, Gorski Kotar<\/span>\n\t\t<div class=\"simcal-event-details simcal-tooltip-content\" style=\"display: none;\"><p><strong><span class=\"simcal-event-title\" itemprop=\"name\">Povla\u010denje u Vratima, Gorski Kotar<\/span><\/strong><\/p>\n<p><span class=\"simcal-event-start simcal-event-start-date\" data-event-start=\"1778104859\" data-event-format=\"m\/d\/Y\" itemprop=\"startDate\" content=\"2026-05-07T00:00:59+02:00\">05\/07\/2026<\/span> - <span class=\"simcal-event-start simcal-event-end-date\" data-event-start=\"1778450341\" data-event-format=\"m\/d\/Y\" itemprop=\"endDate\" content=\"2026-05-10T23:59:01+02:00\">05\/10\/2026<\/span>&nbsp;&nbsp;<br \/>\n <span class=\"simcal-event-address simcal-event-start-location\" itemprop=\"location\" itemscope itemtype=\"http:\/\/schema.org\/Place\"><meta itemprop=\"name\" content=\"Povla\u010denje u Vratima, Gorski Kotar\" \/><meta itemprop=\"address\" content=\"Povla\u010denje u Vratima, Gorski Kotar\" \/><\/span><\/p>\n<div><div class=\"simcal-event-description\" itemprop=\"description\"><p>Dragi svi,\u00a0<\/p>\n<p>obavje\u0161tavamo vas da \u0107e se od 7. - 10.5.2026. odr\u017eati vipassana meditacijsko povla\u010denje s Mislavom u Vratima, Gorski Kotar. Povla\u010denje po\u010dinje 7.5. u 19h, a zavr\u0161ava 10.5. iza ru\u010dka, oko 15h.<\/p>\n<p>Za informacije o povla\u010denju i uputama za uplatu kliknite ovdje:<br \/><a href=\"https:\/\/docs.google.com\/document\/d\/16fb9eeE6V-YoihYSPZGdiEc22X7GJTA-_uTfeUcTdMs\/edit?usp=sharing\" target=\"_blank\" class=\"pastedDriveLink-0\"><u>Info o povla\u010denju<\/u><\/a><\/p>\n<p>Za prijavu na povla\u010denje kliknite ovdje:\u00a0<br \/><a href=\"https:\/\/forms.gle\/gyGi1KdoDmubjyQH6\" target=\"_blank\"><u>Prijava na povla\u010denje<\/u><\/a><\/p>\n<p>Za sva pitanja molimo vas da pi\u0161ete organizatorici povla\u010denja Ines na\u00a0<a href=\"mailto:meditacija.m@gmail.com\" target=\"_blank\"><u>meditacija.m@gmail.com<\/u><\/a><\/p>\n<p>Svako dobro \ud83d\udc95<\/p>\n<\/div><\/div>\n<p> <a href=\"https:\/\/www.google.com\/calendar\/event?eid=NXF2MWFzZWZ0anBoZWc1Y2lxdm83OXQxanQgbWVkaXRhY2lqYS5tQG0&#038;ctz=Europe\/Belgrade\" target=\"_blank\" >See more details<\/a><\/p><\/div>\n\t<\/li>\n<\/ul>\n\n\t\t<span class=\"simcal-events-dots\" style=\"display: none;\"><b style=\"color: #000;\"> &bull; <\/b><\/span>\n\t<\/div>\n<\/td>\n<\/tr><tr class=\"simcal-week simcal-week-19\">\n<td class=\"simcal-day-11 simcal-weekday-1 simcal-future simcal-day\" data-events-count=\"0\">\n\t<div>\n\t\t<span class=\"simcal-day-label simcal-day-number\">11<\/span>\n\t\t<span class=\"simcal-no-events\"><\/span>\n\t\t<span class=\"simcal-events-dots\" style=\"display: none;\"><\/span>\n\t<\/div>\n<\/td>\n<td class=\"simcal-day-12 simcal-weekday-2 simcal-future simcal-day\" data-events-count=\"0\">\n\t<div>\n\t\t<span class=\"simcal-day-label simcal-day-number\">12<\/span>\n\t\t<span class=\"simcal-no-events\"><\/span>\n\t\t<span class=\"simcal-events-dots\" style=\"display: none;\"><\/span>\n\t<\/div>\n<\/td>\n<td class=\"simcal-day-13 simcal-weekday-3 simcal-future simcal-day\" data-events-count=\"0\">\n\t<div>\n\t\t<span class=\"simcal-day-label simcal-day-number\">13<\/span>\n\t\t<span class=\"simcal-no-events\"><\/span>\n\t\t<span class=\"simcal-events-dots\" style=\"display: none;\"><\/span>\n\t<\/div>\n<\/td>\n<td class=\"simcal-day-14 simcal-weekday-4 simcal-future simcal-day\" data-events-count=\"0\">\n\t<div>\n\t\t<span class=\"simcal-day-label simcal-day-number\">14<\/span>\n\t\t<span class=\"simcal-no-events\"><\/span>\n\t\t<span class=\"simcal-events-dots\" style=\"display: none;\"><\/span>\n\t<\/div>\n<\/td>\n<td class=\"simcal-day-15 simcal-weekday-5 simcal-future simcal-day\" data-events-count=\"0\">\n\t<div>\n\t\t<span class=\"simcal-day-label simcal-day-number\">15<\/span>\n\t\t<span class=\"simcal-no-events\"><\/span>\n\t\t<span class=\"simcal-events-dots\" style=\"display: none;\"><\/span>\n\t<\/div>\n<\/td>\n<td class=\"simcal-day-16 simcal-weekday-6 simcal-future simcal-day\" data-events-count=\"0\">\n\t<div>\n\t\t<span class=\"simcal-day-label simcal-day-number\">16<\/span>\n\t\t<span class=\"simcal-no-events\"><\/span>\n\t\t<span class=\"simcal-events-dots\" style=\"display: none;\"><\/span>\n\t<\/div>\n<\/td>\n<td class=\"simcal-day-17 simcal-weekday-0 simcal-future simcal-day simcal-day-has-events simcal-day-has-1-events simcal-events-calendar-98\" data-events-count=\"1\">\n\t<div>\n\t\t<span class=\"simcal-day-label simcal-day-number\" style=\"background-color: #dd9933; color: #000000\">17<\/span>\n\t\t<ul class=\"simcal-events\">\t<li class=\"simcal-event simcal-event-recurring simcal-event-has-location simcal-events-calendar-98 simcal-tooltip\" itemscope itemtype=\"http:\/\/schema.org\/Event\">\n\t\t<span class=\"simcal-event-title\">Zajedni\u010dka meditacija<\/span>\n\t\t<div class=\"simcal-event-details simcal-tooltip-content\" style=\"display: none;\"><p><strong><span class=\"simcal-event-title\" itemprop=\"name\">Zajedni\u010dka meditacija<\/span><\/strong><\/p>\n<p><span class=\"simcal-event-start simcal-event-start-date\" data-event-start=\"1779033600\" data-event-format=\"m\/d\/Y\" itemprop=\"startDate\" content=\"2026-05-17T18:00:00+02:00\">05\/17\/2026<\/span>&nbsp;&nbsp;<span class=\"simcal-event-start simcal-event-start-time\" data-event-start=\"1779033600\" data-event-format=\"G:i a\" itemprop=\"startDate\" content=\"2026-05-17T18:00:00+02:00\">18:00 pm<\/span> - <span class=\"simcal-event-end simcal-event-end-time\" data-event-end=\"1779040800\" data-event-format=\"G:i a\" itemprop=\"endDate\" content=\"2026-05-17T20:00:00+02:00\">20:00 pm<\/span><br \/>\n <span class=\"simcal-event-address simcal-event-start-location\" itemprop=\"location\" itemscope itemtype=\"http:\/\/schema.org\/Place\"><meta itemprop=\"name\" content=\"DharmaWay Yoga Center &amp; Yoga Academy, Ul. Grada Mainza 24, 10000, Zagreb, Hrvatska\" \/><meta itemprop=\"address\" content=\"DharmaWay Yoga Center &amp; Yoga Academy, Ul. Grada Mainza 24, 10000, Zagreb, Hrvatska\" \/>DharmaWay Yoga Center &amp; Yoga Academy, Ul. Grada Mainza 24, 10000, Zagreb, Hrvatska<\/span><\/p>\n<div><div class=\"simcal-event-description\" itemprop=\"description\"><p>Zajedni\u010dka meditacija odr\u017eava se u Dharmaway yoga centru i online putem Google Meet aplikacije, od 18h do 20h.<\/p>\n<p><b><a href=\"https:\/\/meet.google.com\/cmo-jndg-vez\">Google meet link<\/a><\/b><\/p>\n<\/div><\/div>\n<p> <a href=\"https:\/\/www.google.com\/calendar\/event?eid=MDhzMnBoNmdlNnQ4MzY1MGNsam5tNGNkZ2JfMjAyNjA1MTdUMTYwMDAwWiBtZWRpdGFjaWphLm1AbQ&#038;ctz=Europe\/Belgrade\" target=\"_blank\" >See more details<\/a><\/p><\/div>\n\t<\/li>\n<\/ul>\n\n\t\t<span class=\"simcal-events-dots\" style=\"display: none;\"><b style=\"color: #000;\"> &bull; <\/b><\/span>\n\t<\/div>\n<\/td>\n<\/tr><tr class=\"simcal-week simcal-week-20\">\n<td class=\"simcal-day-18 simcal-weekday-1 simcal-future simcal-day\" data-events-count=\"0\">\n\t<div>\n\t\t<span class=\"simcal-day-label simcal-day-number\">18<\/span>\n\t\t<span class=\"simcal-no-events\"><\/span>\n\t\t<span class=\"simcal-events-dots\" style=\"display: none;\"><\/span>\n\t<\/div>\n<\/td>\n<td class=\"simcal-day-19 simcal-weekday-2 simcal-future simcal-day\" data-events-count=\"0\">\n\t<div>\n\t\t<span class=\"simcal-day-label simcal-day-number\">19<\/span>\n\t\t<span class=\"simcal-no-events\"><\/span>\n\t\t<span class=\"simcal-events-dots\" style=\"display: none;\"><\/span>\n\t<\/div>\n<\/td>\n<td class=\"simcal-day-20 simcal-weekday-3 simcal-future simcal-day\" data-events-count=\"0\">\n\t<div>\n\t\t<span class=\"simcal-day-label simcal-day-number\">20<\/span>\n\t\t<span class=\"simcal-no-events\"><\/span>\n\t\t<span class=\"simcal-events-dots\" style=\"display: none;\"><\/span>\n\t<\/div>\n<\/td>\n<td class=\"simcal-day-21 simcal-weekday-4 simcal-future simcal-day\" data-events-count=\"0\">\n\t<div>\n\t\t<span class=\"simcal-day-label simcal-day-number\">21<\/span>\n\t\t<span class=\"simcal-no-events\"><\/span>\n\t\t<span class=\"simcal-events-dots\" style=\"display: none;\"><\/span>\n\t<\/div>\n<\/td>\n<td class=\"simcal-day-22 simcal-weekday-5 simcal-future simcal-day\" data-events-count=\"0\">\n\t<div>\n\t\t<span class=\"simcal-day-label simcal-day-number\">22<\/span>\n\t\t<span class=\"simcal-no-events\"><\/span>\n\t\t<span class=\"simcal-events-dots\" style=\"display: none;\"><\/span>\n\t<\/div>\n<\/td>\n<td class=\"simcal-day-23 simcal-weekday-6 simcal-future simcal-day\" data-events-count=\"0\">\n\t<div>\n\t\t<span class=\"simcal-day-label simcal-day-number\">23<\/span>\n\t\t<span class=\"simcal-no-events\"><\/span>\n\t\t<span class=\"simcal-events-dots\" style=\"display: none;\"><\/span>\n\t<\/div>\n<\/td>\n<td class=\"simcal-day-24 simcal-weekday-0 simcal-future simcal-day simcal-day-has-events simcal-day-has-1-events simcal-events-calendar-98\" data-events-count=\"1\">\n\t<div>\n\t\t<span class=\"simcal-day-label simcal-day-number\" style=\"background-color: #dd9933; color: #000000\">24<\/span>\n\t\t<ul class=\"simcal-events\">\t<li class=\"simcal-event simcal-event-recurring simcal-event-has-location simcal-events-calendar-98 simcal-tooltip\" itemscope itemtype=\"http:\/\/schema.org\/Event\">\n\t\t<span class=\"simcal-event-title\">Zajedni\u010dka meditacija<\/span>\n\t\t<div class=\"simcal-event-details simcal-tooltip-content\" style=\"display: none;\"><p><strong><span class=\"simcal-event-title\" itemprop=\"name\">Zajedni\u010dka meditacija<\/span><\/strong><\/p>\n<p><span class=\"simcal-event-start simcal-event-start-date\" data-event-start=\"1779638400\" data-event-format=\"m\/d\/Y\" itemprop=\"startDate\" content=\"2026-05-24T18:00:00+02:00\">05\/24\/2026<\/span>&nbsp;&nbsp;<span class=\"simcal-event-start simcal-event-start-time\" data-event-start=\"1779638400\" data-event-format=\"G:i a\" itemprop=\"startDate\" content=\"2026-05-24T18:00:00+02:00\">18:00 pm<\/span> - <span class=\"simcal-event-end simcal-event-end-time\" data-event-end=\"1779645600\" data-event-format=\"G:i a\" itemprop=\"endDate\" content=\"2026-05-24T20:00:00+02:00\">20:00 pm<\/span><br \/>\n <span class=\"simcal-event-address simcal-event-start-location\" itemprop=\"location\" itemscope itemtype=\"http:\/\/schema.org\/Place\"><meta itemprop=\"name\" content=\"DharmaWay Yoga Center &amp; Yoga Academy, Ul. Grada Mainza 24, 10000, Zagreb, Hrvatska\" \/><meta itemprop=\"address\" content=\"DharmaWay Yoga Center &amp; Yoga Academy, Ul. Grada Mainza 24, 10000, Zagreb, Hrvatska\" \/>DharmaWay Yoga Center &amp; Yoga Academy, Ul. Grada Mainza 24, 10000, Zagreb, Hrvatska<\/span><\/p>\n<div><div class=\"simcal-event-description\" itemprop=\"description\"><p>Zajedni\u010dka meditacija odr\u017eava se u Dharmaway yoga centru i online putem Google Meet aplikacije, od 18h do 20h.<\/p>\n<p><b><a href=\"https:\/\/meet.google.com\/cmo-jndg-vez\">Google meet link<\/a><\/b><\/p>\n<\/div><\/div>\n<p> <a href=\"https:\/\/www.google.com\/calendar\/event?eid=MDhzMnBoNmdlNnQ4MzY1MGNsam5tNGNkZ2JfMjAyNjA1MjRUMTYwMDAwWiBtZWRpdGFjaWphLm1AbQ&#038;ctz=Europe\/Belgrade\" target=\"_blank\" >See more details<\/a><\/p><\/div>\n\t<\/li>\n<\/ul>\n\n\t\t<span class=\"simcal-events-dots\" style=\"display: none;\"><b style=\"color: #000;\"> &bull; <\/b><\/span>\n\t<\/div>\n<\/td>\n<\/tr><tr class=\"simcal-week simcal-week-21\">\n<td class=\"simcal-day-25 simcal-weekday-1 simcal-future simcal-day\" data-events-count=\"0\">\n\t<div>\n\t\t<span class=\"simcal-day-label simcal-day-number\">25<\/span>\n\t\t<span class=\"simcal-no-events\"><\/span>\n\t\t<span class=\"simcal-events-dots\" style=\"display: none;\"><\/span>\n\t<\/div>\n<\/td>\n<td class=\"simcal-day-26 simcal-weekday-2 simcal-future simcal-day\" data-events-count=\"0\">\n\t<div>\n\t\t<span class=\"simcal-day-label simcal-day-number\">26<\/span>\n\t\t<span class=\"simcal-no-events\"><\/span>\n\t\t<span class=\"simcal-events-dots\" style=\"display: none;\"><\/span>\n\t<\/div>\n<\/td>\n<td class=\"simcal-day-27 simcal-weekday-3 simcal-future simcal-day\" data-events-count=\"0\">\n\t<div>\n\t\t<span class=\"simcal-day-label simcal-day-number\">27<\/span>\n\t\t<span class=\"simcal-no-events\"><\/span>\n\t\t<span class=\"simcal-events-dots\" style=\"display: none;\"><\/span>\n\t<\/div>\n<\/td>\n<td class=\"simcal-day-28 simcal-weekday-4 simcal-future simcal-day\" data-events-count=\"0\">\n\t<div>\n\t\t<span class=\"simcal-day-label simcal-day-number\">28<\/span>\n\t\t<span class=\"simcal-no-events\"><\/span>\n\t\t<span class=\"simcal-events-dots\" style=\"display: none;\"><\/span>\n\t<\/div>\n<\/td>\n<td class=\"simcal-day-29 simcal-weekday-5 simcal-future simcal-day\" data-events-count=\"0\">\n\t<div>\n\t\t<span class=\"simcal-day-label simcal-day-number\">29<\/span>\n\t\t<span class=\"simcal-no-events\"><\/span>\n\t\t<span class=\"simcal-events-dots\" style=\"display: none;\"><\/span>\n\t<\/div>\n<\/td>\n<td class=\"simcal-day-30 simcal-weekday-6 simcal-future simcal-day\" data-events-count=\"0\">\n\t<div>\n\t\t<span class=\"simcal-day-label simcal-day-number\">30<\/span>\n\t\t<span class=\"simcal-no-events\"><\/span>\n\t\t<span class=\"simcal-events-dots\" style=\"display: none;\"><\/span>\n\t<\/div>\n<\/td>\n<td class=\"simcal-day-31 simcal-weekday-0 simcal-future simcal-day simcal-day-has-events simcal-day-has-1-events simcal-events-calendar-98\" data-events-count=\"1\">\n\t<div>\n\t\t<span class=\"simcal-day-label simcal-day-number\" style=\"background-color: #dd9933; color: #000000\">31<\/span>\n\t\t<ul class=\"simcal-events\">\t<li class=\"simcal-event simcal-event-recurring simcal-event-has-location simcal-events-calendar-98 simcal-tooltip\" itemscope itemtype=\"http:\/\/schema.org\/Event\">\n\t\t<span class=\"simcal-event-title\">Zajedni\u010dka meditacija<\/span>\n\t\t<div class=\"simcal-event-details simcal-tooltip-content\" style=\"display: none;\"><p><strong><span class=\"simcal-event-title\" itemprop=\"name\">Zajedni\u010dka meditacija<\/span><\/strong><\/p>\n<p><span class=\"simcal-event-start simcal-event-start-date\" data-event-start=\"1780243200\" data-event-format=\"m\/d\/Y\" itemprop=\"startDate\" content=\"2026-05-31T18:00:00+02:00\">05\/31\/2026<\/span>&nbsp;&nbsp;<span class=\"simcal-event-start simcal-event-start-time\" data-event-start=\"1780243200\" data-event-format=\"G:i a\" itemprop=\"startDate\" content=\"2026-05-31T18:00:00+02:00\">18:00 pm<\/span> - <span class=\"simcal-event-end simcal-event-end-time\" data-event-end=\"1780250400\" data-event-format=\"G:i a\" itemprop=\"endDate\" content=\"2026-05-31T20:00:00+02:00\">20:00 pm<\/span><br \/>\n <span class=\"simcal-event-address simcal-event-start-location\" itemprop=\"location\" itemscope itemtype=\"http:\/\/schema.org\/Place\"><meta itemprop=\"name\" content=\"DharmaWay Yoga Center &amp; Yoga Academy, Ul. Grada Mainza 24, 10000, Zagreb, Hrvatska\" \/><meta itemprop=\"address\" content=\"DharmaWay Yoga Center &amp; Yoga Academy, Ul. Grada Mainza 24, 10000, Zagreb, Hrvatska\" \/>DharmaWay Yoga Center &amp; Yoga Academy, Ul. Grada Mainza 24, 10000, Zagreb, Hrvatska<\/span><\/p>\n<div><div class=\"simcal-event-description\" itemprop=\"description\"><p>Zajedni\u010dka meditacija odr\u017eava se u Dharmaway yoga centru i online putem Google Meet aplikacije, od 18h do 20h.<\/p>\n<p><b><a href=\"https:\/\/meet.google.com\/cmo-jndg-vez\">Google meet link<\/a><\/b><\/p>\n<\/div><\/div>\n<p> <a href=\"https:\/\/www.google.com\/calendar\/event?eid=MDhzMnBoNmdlNnQ4MzY1MGNsam5tNGNkZ2JfMjAyNjA1MzFUMTYwMDAwWiBtZWRpdGFjaWphLm1AbQ&#038;ctz=Europe\/Belgrade\" target=\"_blank\" >See more details<\/a><\/p><\/div>\n\t<\/li>\n<\/ul>\n\n\t\t<span class=\"simcal-events-dots\" style=\"display: none;\"><b style=\"color: #000;\"> &bull; <\/b><\/span>\n\t<\/div>\n<\/td>\n<\/tr><td class=\"simcal-day simcal-day-void \"><\/td>\n<td class=\"simcal-day simcal-day-void \"><\/td>\n<td class=\"simcal-day simcal-day-void \"><\/td>\n<td class=\"simcal-day simcal-day-void \"><\/td>\n<td class=\"simcal-day simcal-day-void \"><\/td>\n<td class=\"simcal-day simcal-day-void \"><\/td>\n<td class=\"simcal-day simcal-day-void simcal-day-void-last\"><\/td>\n\t<\/tr>\n<\/tbody>\n\t \t\t\t\n            <\/table>\n\n\t\t\t<\/div>[\/et_pb_code][\/et_pb_column][\/et_pb_row][\/et_pb_section][et_pb_section fb_built=&#8221;1&#8243; disabled_on=&#8221;off|off|on&#8221; _builder_version=&#8221;4.23.4&#8243; _module_preset=&#8221;default&#8221; custom_padding=&#8221;1px|||||&#8221; global_colors_info=&#8221;{}&#8221;][et_pb_row _builder_version=&#8221;4.27.0&#8243; _module_preset=&#8221;default&#8221; custom_padding=&#8221;3px||3px|||&#8221; global_module=&#8221;678&#8243; saved_tabs=&#8221;all&#8221; locked=&#8221;off&#8221; global_colors_info=&#8221;{}&#8221;][et_pb_column type=&#8221;4_4&#8243; _builder_version=&#8221;4.27.0&#8243; _module_preset=&#8221;default&#8221; global_colors_info=&#8221;{}&#8221;][et_pb_search _builder_version=&#8221;4.27.0&#8243; _module_preset=&#8221;default&#8221; global_colors_info=&#8221;{}&#8221;][\/et_pb_search][\/et_pb_column][\/et_pb_row][et_pb_row use_custom_gutter=&#8221;on&#8221; gutter_width=&#8221;1&#8243; make_equal=&#8221;on&#8221; _builder_version=&#8221;4.27.0&#8243; _module_preset=&#8221;default&#8221; width=&#8221;100%&#8221; max_width=&#8221;none&#8221; custom_margin=&#8221;6%||6%||false|false&#8221; custom_padding=&#8221;0px||0px||false|false&#8221; module_alignment_tablet=&#8221;center&#8221; module_alignment_phone=&#8221;center&#8221; module_alignment_last_edited=&#8221;off|desktop&#8221; global_colors_info=&#8221;{}&#8221;][et_pb_column type=&#8221;4_4&#8243; _builder_version=&#8221;4.23.4&#8243; _module_preset=&#8221;default&#8221; z_index=&#8221;10&#8243; custom_padding=&#8221;4%|8%|0px|8%|false|true&#8221; custom_padding_tablet=&#8221;|0px|||true|false&#8221; custom_padding_phone=&#8221;|0px|||true|false&#8221; custom_padding_last_edited=&#8221;off|tablet&#8221; border_color_all=&#8221;gcid-c89f5116-e22d-4a85-9acd-d2301e8087e7&#8243; border_width_right=&#8221;2px&#8221; global_colors_info=&#8221;{%22gcid-c89f5116-e22d-4a85-9acd-d2301e8087e7%22:%91%22border_color_all%22,%22border_color_right%22%93}&#8221;][et_pb_text _builder_version=&#8221;4.27.0&#8243; _module_preset=&#8221;c16985e1-e0d6-4022-964d-e2bfc04fa633&#8243; header_font=&#8221;&#8211;et_global_heading_font|300|||||||&#8221; text_orientation=&#8221;center&#8221; locked=&#8221;off&#8221; global_colors_info=&#8221;{%22gcid-f9263e8f-2107-49f5-ba75-c9d329a43ae4%22:%91%22header_text_color%22%93}&#8221;]<\/p>\n<h1>Meditacije s Mislavom<\/h1>\n<p>[\/et_pb_text][\/et_pb_column][\/et_pb_row][et_pb_row column_structure=&#8221;1_2,1_2&#8243; use_custom_gutter=&#8221;on&#8221; gutter_width=&#8221;1&#8243; make_equal=&#8221;on&#8221; _builder_version=&#8221;4.27.0&#8243; _module_preset=&#8221;default&#8221; width=&#8221;100%&#8221; max_width=&#8221;none&#8221; custom_margin=&#8221;10%|0px||0px|false|true&#8221; custom_margin_tablet=&#8221;10%|0px||0px|false|true&#8221; custom_margin_phone=&#8221;10%||||false|true&#8221; custom_margin_last_edited=&#8221;on|phone&#8221; custom_padding=&#8221;0px||0px||false|false&#8221; module_alignment_tablet=&#8221;center&#8221; module_alignment_phone=&#8221;center&#8221; module_alignment_last_edited=&#8221;off|desktop&#8221; global_colors_info=&#8221;{}&#8221;][et_pb_column type=&#8221;1_2&#8243; _builder_version=&#8221;4.23.4&#8243; _module_preset=&#8221;default&#8221; z_index=&#8221;10&#8243; custom_padding=&#8221;0px|8%|0px|8%|false|true&#8221; custom_padding_tablet=&#8221;|0px|||true|false&#8221; custom_padding_phone=&#8221;|0px|||true|false&#8221; custom_padding_last_edited=&#8221;off|tablet&#8221; border_color_all=&#8221;gcid-c89f5116-e22d-4a85-9acd-d2301e8087e7&#8243; global_colors_info=&#8221;{%22gcid-c89f5116-e22d-4a85-9acd-d2301e8087e7%22:%91%22border_color_all%22,%22border_color_right%22%93}&#8221;][et_pb_text _builder_version=&#8221;4.23.4&#8243; _module_preset=&#8221;b327cbe4-b1d5-4b66-ad37-40c8f2f061ba&#8221; custom_margin=&#8221;||10px||false|false&#8221; header_font_size_tablet=&#8221;31px&#8221; header_font_size_phone=&#8221;31px&#8221; header_font_size_last_edited=&#8221;on|tablet&#8221; global_colors_info=&#8221;{}&#8221;]<\/p>\n<h2>Obavijesti<\/h2>\n<p>[\/et_pb_text][et_pb_text _builder_version=&#8221;4.27.0&#8243; _module_preset=&#8221;1f09816e-184e-4ce5-a4cf-b39c52c423ca&#8221; text_font=&#8221;Raleway||||||||&#8221; text_text_color=&#8221;gcid-dde5a108-6ff0-4332-95cd-17313c181436&#8243; text_font_size=&#8221;16px&#8221; text_line_height=&#8221;1.8em&#8221; custom_padding=&#8221;||2px|||&#8221; text_font_size_tablet=&#8221;14px&#8221; text_font_size_phone=&#8221;13px&#8221; text_font_size_last_edited=&#8221;on|phone&#8221; header_font_size_tablet=&#8221;55px&#8221; header_font_size_last_edited=&#8221;off|desktop&#8221; global_colors_info=&#8221;{%22gcid-dde5a108-6ff0-4332-95cd-17313c181436%22:%91%22text_text_color%22%93}&#8221;]<\/p>\n<p>Putem obavijesti mo\u017eete dobiti sve bitne informacije kao \u0161to su najave meditacijskih povla\u010denja, radionica, zajedni\u010dkih meditacija i eventualnih promjena u rasporedu.<\/p>\n<p>[\/et_pb_text][\/et_pb_column][et_pb_column type=&#8221;1_2&#8243; _builder_version=&#8221;4.23.4&#8243; _module_preset=&#8221;default&#8221; background_enable_color=&#8221;off&#8221; background_enable_image=&#8221;off&#8221; parallax=&#8221;on&#8221; custom_padding=&#8221;20px|||0px|false|false&#8221; global_colors_info=&#8221;{}&#8221;][et_pb_blog posts_number=&#8221;3&#8243; include_categories=&#8221;11,10&#8243; show_thumbnail=&#8221;off&#8221; excerpt_length=&#8221;0&#8243; show_more=&#8221;on&#8221; show_author=&#8221;off&#8221; show_categories=&#8221;off&#8221; _builder_version=&#8221;4.27.0&#8243; _module_preset=&#8221;default&#8221; header_line_height=&#8221;1.4em&#8221; text_orientation=&#8221;left&#8221; custom_padding=&#8221;1px|8%||8%|false|false&#8221; global_colors_info=&#8221;{}&#8221;][\/et_pb_blog][\/et_pb_column][\/et_pb_row][et_pb_row _builder_version=&#8221;4.27.0&#8243; _module_preset=&#8221;default&#8221; custom_padding=&#8221;1px||0px|||&#8221; global_colors_info=&#8221;{}&#8221;][et_pb_column type=&#8221;4_4&#8243; _builder_version=&#8221;4.27.0&#8243; _module_preset=&#8221;default&#8221; global_colors_info=&#8221;{}&#8221;][et_pb_button button_url=&#8221;https:\/\/meditacija-m.com\/index.php\/obavijesti\/&#8221; button_text=&#8221;Prijavi se na obavijesti&#8221; button_alignment=&#8221;left&#8221; _builder_version=&#8221;4.27.0&#8243; _module_preset=&#8221;31b4f027-aaa0-4f2f-ae02-959764e19e4f&#8221; custom_button=&#8221;on&#8221; button_text_size=&#8221;14px&#8221; button_text_color=&#8221;#FFFFFF&#8221; button_bg_color=&#8221;#4a5349&#8243; button_border_width=&#8221;0px&#8221; button_border_radius=&#8221;0px&#8221; button_letter_spacing=&#8221;0.2em&#8221; button_font=&#8221;Raleway|600||on|||||&#8221; custom_margin=&#8221;0.4%||-3px||false|false&#8221; custom_padding=&#8221;16px|24px|16px|24px|true|false&#8221; global_colors_info=&#8221;{}&#8221;][\/et_pb_button][\/et_pb_column][\/et_pb_row][et_pb_row column_structure=&#8221;1_2,1_2&#8243; use_custom_gutter=&#8221;on&#8221; gutter_width=&#8221;1&#8243; make_equal=&#8221;on&#8221; _builder_version=&#8221;4.23.4&#8243; _module_preset=&#8221;default&#8221; width=&#8221;100%&#8221; max_width=&#8221;none&#8221; custom_margin=&#8221;10%|0px||0px|false|true&#8221; custom_margin_tablet=&#8221;10%|0px||0px|false|true&#8221; custom_margin_phone=&#8221;10.8%|0px||0px|false|true&#8221; custom_margin_last_edited=&#8221;on|phone&#8221; custom_padding=&#8221;0px||0px||false|false&#8221; module_alignment_tablet=&#8221;center&#8221; module_alignment_phone=&#8221;center&#8221; module_alignment_last_edited=&#8221;off|desktop&#8221; global_colors_info=&#8221;{}&#8221;][et_pb_column type=&#8221;1_2&#8243; _builder_version=&#8221;4.23.4&#8243; _module_preset=&#8221;default&#8221; z_index=&#8221;10&#8243; custom_padding=&#8221;4%|8%|0px|8%|false|true&#8221; custom_padding_tablet=&#8221;|0px|||true|false&#8221; custom_padding_phone=&#8221;|0px|||true|false&#8221; custom_padding_last_edited=&#8221;off|tablet&#8221; border_color_all=&#8221;gcid-c89f5116-e22d-4a85-9acd-d2301e8087e7&#8243; global_colors_info=&#8221;{%22gcid-c89f5116-e22d-4a85-9acd-d2301e8087e7%22:%91%22border_color_all%22,%22border_color_right%22%93}&#8221;][et_pb_text _builder_version=&#8221;4.23.4&#8243; _module_preset=&#8221;b327cbe4-b1d5-4b66-ad37-40c8f2f061ba&#8221; custom_margin=&#8221;||10px||false|false&#8221; global_colors_info=&#8221;{%22gcid-dde5a108-6ff0-4332-95cd-17313c181436%22:%91%22header_2_text_color%22%93}&#8221;]<\/p>\n<h2>Zajedni\u010dke meditacije<\/h2>\n<p>[\/et_pb_text][et_pb_text _builder_version=&#8221;4.27.0&#8243; _module_preset=&#8221;1f09816e-184e-4ce5-a4cf-b39c52c423ca&#8221; text_font=&#8221;Raleway||||||||&#8221; text_text_color=&#8221;gcid-dde5a108-6ff0-4332-95cd-17313c181436&#8243; text_font_size=&#8221;16px&#8221; text_line_height=&#8221;1.8em&#8221; custom_padding=&#8221;||35px|||&#8221; hover_enabled=&#8221;0&#8243; text_font_size_tablet=&#8221;14px&#8221; text_font_size_phone=&#8221;13px&#8221; text_font_size_last_edited=&#8221;on|phone&#8221; header_font_size_tablet=&#8221;55px&#8221; header_font_size_last_edited=&#8221;off|desktop&#8221; global_colors_info=&#8221;{%22gcid-dde5a108-6ff0-4332-95cd-17313c181436%22:%91%22text_text_color%22%93}&#8221; sticky_enabled=&#8221;0&#8243; locked=&#8221;off&#8221;]<\/p>\n<p><span>Pridru\u017eite nam se nedjeljom od 18:00 do 20:00 na zajedni\u010dkim meditacijama s Mislavom u\u017eivo u DharmaWay yoga centru, Grada Mainza 24, Zagreb ili putem Google Meet-a.<\/span><\/p>\n<p>Za upute kako se uklju\u010diti na zajedni\u010dke meditacije putem Google Meet aplikacije kliknite na ponu\u0111eni gumb.<span><\/span><\/p>\n<p>[\/et_pb_text][et_pb_image src=&#8221;https:\/\/meditacija-m.com\/wp-content\/uploads\/2024\/01\/dharmaway-dvorana.jpeg&#8221; title_text=&#8221;dharmaway-dvorana&#8221; _builder_version=&#8221;4.23.4&#8243; _module_preset=&#8221;default&#8221; global_colors_info=&#8221;{}&#8221;][\/et_pb_image][et_pb_button button_url=&#8221;https:\/\/meditacija-m.com\/index.php\/zajednicke-meditacije\/&#8221; button_text=&#8221;Upute za spajanje&#8221; button_alignment=&#8221;left&#8221; _builder_version=&#8221;4.27.0&#8243; _module_preset=&#8221;31b4f027-aaa0-4f2f-ae02-959764e19e4f&#8221; custom_button=&#8221;on&#8221; button_text_size=&#8221;14px&#8221; button_text_color=&#8221;#FFFFFF&#8221; button_bg_color=&#8221;#4a5349&#8243; button_border_width=&#8221;0px&#8221; button_border_radius=&#8221;0px&#8221; button_letter_spacing=&#8221;0.2em&#8221; button_font=&#8221;Raleway|600||on|||||&#8221; custom_margin=&#8221;10%||||false|false&#8221; custom_padding=&#8221;16px|24px|16px|24px|true|true&#8221; global_colors_info=&#8221;{}&#8221;][\/et_pb_button][\/et_pb_column][et_pb_column type=&#8221;1_2&#8243; _builder_version=&#8221;4.23.4&#8243; _module_preset=&#8221;default&#8221; background_enable_color=&#8221;off&#8221; background_enable_image=&#8221;off&#8221; parallax=&#8221;on&#8221; custom_padding=&#8221;20px|||0px|false|false&#8221; global_colors_info=&#8221;{}&#8221;][\/et_pb_column][\/et_pb_row][et_pb_row column_structure=&#8221;1_2,1_2&#8243; use_custom_gutter=&#8221;on&#8221; gutter_width=&#8221;1&#8243; make_equal=&#8221;on&#8221; _builder_version=&#8221;4.27.0&#8243; _module_preset=&#8221;default&#8221; width=&#8221;100%&#8221; max_width=&#8221;none&#8221; custom_margin=&#8221;10%|0px||0px|false|true&#8221; custom_margin_tablet=&#8221;10%|0px||0px|false|true&#8221; custom_margin_phone=&#8221;10%|0px||0px|false|true&#8221; custom_margin_last_edited=&#8221;on|phone&#8221; custom_padding=&#8221;0px||0px||false|false&#8221; module_alignment_tablet=&#8221;center&#8221; module_alignment_phone=&#8221;center&#8221; module_alignment_last_edited=&#8221;off|desktop&#8221; global_colors_info=&#8221;{}&#8221;][et_pb_column type=&#8221;1_2&#8243; _builder_version=&#8221;4.23.4&#8243; _module_preset=&#8221;default&#8221; background_enable_color=&#8221;off&#8221; background_enable_image=&#8221;off&#8221; parallax=&#8221;on&#8221; custom_padding=&#8221;20px|||0px|false|false&#8221; global_colors_info=&#8221;{}&#8221;][\/et_pb_column][et_pb_column type=&#8221;1_2&#8243; _builder_version=&#8221;4.23.4&#8243; _module_preset=&#8221;default&#8221; z_index=&#8221;10&#8243; custom_padding=&#8221;4%|8%|0px|8%|false|true&#8221; custom_padding_tablet=&#8221;|0px|||true|false&#8221; custom_padding_phone=&#8221;|0px|||true|false&#8221; custom_padding_last_edited=&#8221;off|tablet&#8221; border_color_all=&#8221;gcid-c89f5116-e22d-4a85-9acd-d2301e8087e7&#8243; global_colors_info=&#8221;{%22gcid-c89f5116-e22d-4a85-9acd-d2301e8087e7%22:%91%22border_color_all%22,%22border_color_right%22%93}&#8221;][et_pb_text _builder_version=&#8221;4.23.4&#8243; _module_preset=&#8221;b327cbe4-b1d5-4b66-ad37-40c8f2f061ba&#8221; custom_margin=&#8221;||10px||false|false&#8221; global_colors_info=&#8221;{%22gcid-dde5a108-6ff0-4332-95cd-17313c181436%22:%91%22header_2_text_color%22%93}&#8221;]<\/p>\n<h2>Meditacijska povla\u010denja<\/h2>\n<p>[\/et_pb_text][et_pb_text _builder_version=&#8221;4.23.4&#8243; _module_preset=&#8221;1f09816e-184e-4ce5-a4cf-b39c52c423ca&#8221; text_font=&#8221;Raleway||||||||&#8221; text_text_color=&#8221;gcid-dde5a108-6ff0-4332-95cd-17313c181436&#8243; text_font_size=&#8221;16px&#8221; text_line_height=&#8221;1.8em&#8221; custom_padding=&#8221;||17px|||&#8221; text_font_size_tablet=&#8221;14px&#8221; text_font_size_phone=&#8221;13px&#8221; text_font_size_last_edited=&#8221;on|phone&#8221; header_font_size_tablet=&#8221;55px&#8221; header_font_size_last_edited=&#8221;off|desktop&#8221; global_colors_info=&#8221;{%22gcid-dde5a108-6ff0-4332-95cd-17313c181436%22:%91%22text_text_color%22%93}&#8221;]<\/p>\n<p><span>Meditacijska povla\u010denja su prilika da produbimo na\u0161e meditativno iskustvo te da marljivo, u za to prilago\u0111enim uvjetima, razvijamo vje\u0161tinu radosnog \u017eivljenja<\/span><\/p>\n<p><span><\/span><\/p>\n<p>[\/et_pb_text][et_pb_image src=&#8221;https:\/\/meditacija-m.com\/wp-content\/uploads\/2024\/01\/vrata-meditacija-1024&#215;768.jpeg&#8221; title_text=&#8221;vrata-meditacija&#8221; _builder_version=&#8221;4.23.4&#8243; _module_preset=&#8221;default&#8221; global_colors_info=&#8221;{}&#8221;][\/et_pb_image][et_pb_button button_url=&#8221;https:\/\/meditacija-m.com\/index.php\/meditacijska-povlacenja\/&#8221; button_text=&#8221;Vi\u0161e o povla\u010denjima&#8221; button_alignment=&#8221;left&#8221; _builder_version=&#8221;4.27.0&#8243; _module_preset=&#8221;31b4f027-aaa0-4f2f-ae02-959764e19e4f&#8221; custom_button=&#8221;on&#8221; button_text_size=&#8221;14px&#8221; button_text_color=&#8221;#FFFFFF&#8221; button_bg_color=&#8221;#4a5349&#8243; button_border_width=&#8221;0px&#8221; button_border_radius=&#8221;0px&#8221; button_letter_spacing=&#8221;0.2em&#8221; button_font=&#8221;Raleway|600||on|||||&#8221; custom_margin=&#8221;10%||||false|false&#8221; custom_padding=&#8221;16px|24px|16px|24px|true|true&#8221; global_colors_info=&#8221;{}&#8221;][\/et_pb_button][\/et_pb_column][\/et_pb_row][et_pb_row column_structure=&#8221;1_2,1_2&#8243; use_custom_gutter=&#8221;on&#8221; gutter_width=&#8221;1&#8243; make_equal=&#8221;on&#8221; _builder_version=&#8221;4.27.0&#8243; _module_preset=&#8221;default&#8221; width=&#8221;100%&#8221; max_width=&#8221;none&#8221; custom_margin=&#8221;15%|0px||0px|false|true&#8221; custom_margin_tablet=&#8221;10%||||false|true&#8221; custom_margin_phone=&#8221;10%||||false|true&#8221; custom_margin_last_edited=&#8221;on|tablet&#8221; custom_padding=&#8221;0px||0px||false|false&#8221; module_alignment_tablet=&#8221;center&#8221; module_alignment_phone=&#8221;center&#8221; module_alignment_last_edited=&#8221;off|desktop&#8221; global_colors_info=&#8221;{}&#8221;][et_pb_column type=&#8221;1_2&#8243; _builder_version=&#8221;4.23.4&#8243; _module_preset=&#8221;default&#8221; z_index=&#8221;10&#8243; custom_padding=&#8221;4%|8%|0px|8%|false|true&#8221; custom_padding_tablet=&#8221;|0px|||true|false&#8221; custom_padding_phone=&#8221;|0px|||true|false&#8221; custom_padding_last_edited=&#8221;off|tablet&#8221; border_color_all=&#8221;gcid-c89f5116-e22d-4a85-9acd-d2301e8087e7&#8243; global_colors_info=&#8221;{%22gcid-c89f5116-e22d-4a85-9acd-d2301e8087e7%22:%91%22border_color_all%22,%22border_color_right%22%93}&#8221;][et_pb_text _builder_version=&#8221;4.27.0&#8243; _module_preset=&#8221;b327cbe4-b1d5-4b66-ad37-40c8f2f061ba&#8221; custom_margin=&#8221;||10px||false|false&#8221; global_colors_info=&#8221;{%22gcid-dde5a108-6ff0-4332-95cd-17313c181436%22:%91%22header_2_text_color%22,%22header_2_text_color%22%93}&#8221;]<\/p>\n<h2>Snimke predavanja<\/h2>\n<p>[\/et_pb_text][et_pb_text _builder_version=&#8221;4.23.4&#8243; _module_preset=&#8221;1f09816e-184e-4ce5-a4cf-b39c52c423ca&#8221; text_font=&#8221;Raleway||||||||&#8221; text_text_color=&#8221;gcid-dde5a108-6ff0-4332-95cd-17313c181436&#8243; text_font_size=&#8221;16px&#8221; text_line_height=&#8221;1.8em&#8221; custom_padding=&#8221;||17px|||&#8221; text_font_size_tablet=&#8221;14px&#8221; text_font_size_phone=&#8221;13px&#8221; text_font_size_last_edited=&#8221;on|phone&#8221; header_font_size_tablet=&#8221;55px&#8221; header_font_size_last_edited=&#8221;off|desktop&#8221; global_colors_info=&#8221;{%22gcid-dde5a108-6ff0-4332-95cd-17313c181436%22:%91%22text_text_color%22%93}&#8221;]<\/p>\n<p><span>Snimkama predavanja i vo\u0111enih meditacija mo\u017eete pristupiti<\/span> klikom na ponu\u0111eni gumb ili na spotify podcastu &#8220;Meditacije s Mislavom&#8221;.<\/p>\n<p><span><\/span><\/p>\n<p>[\/et_pb_text][et_pb_image src=&#8221;https:\/\/meditacija-m.com\/wp-content\/uploads\/2024\/11\/Mislav_Divya.jpg&#8221; title_text=&#8221;Mislav_Divya&#8221; _builder_version=&#8221;4.27.0&#8243; _module_preset=&#8221;default&#8221; global_colors_info=&#8221;{}&#8221;][\/et_pb_image][et_pb_button button_url=&#8221;https:\/\/meditacija-m.com\/index.php\/snimke-predavanja\/&#8221; button_text=&#8221;Snimke predavanja&#8221; button_alignment=&#8221;left&#8221; _builder_version=&#8221;4.27.0&#8243; _module_preset=&#8221;31b4f027-aaa0-4f2f-ae02-959764e19e4f&#8221; custom_button=&#8221;on&#8221; button_text_size=&#8221;14px&#8221; button_text_color=&#8221;#FFFFFF&#8221; button_bg_color=&#8221;#4a5349&#8243; button_border_width=&#8221;0px&#8221; button_border_radius=&#8221;0px&#8221; button_letter_spacing=&#8221;0.2em&#8221; button_font=&#8221;Raleway|600||on|||||&#8221; custom_margin=&#8221;10%||||false|false&#8221; custom_padding=&#8221;16px|24px|16px|24px|true|true&#8221; global_colors_info=&#8221;{}&#8221;][\/et_pb_button][\/et_pb_column][et_pb_column type=&#8221;1_2&#8243; _builder_version=&#8221;4.23.4&#8243; _module_preset=&#8221;default&#8221; background_enable_color=&#8221;off&#8221; background_enable_image=&#8221;off&#8221; parallax=&#8221;on&#8221; custom_padding=&#8221;20px|||0px|false|false&#8221; global_colors_info=&#8221;{}&#8221;][\/et_pb_column][\/et_pb_row][et_pb_row column_structure=&#8221;1_2,1_2&#8243; use_custom_gutter=&#8221;on&#8221; gutter_width=&#8221;1&#8243; make_equal=&#8221;on&#8221; _builder_version=&#8221;4.27.0&#8243; _module_preset=&#8221;default&#8221; width=&#8221;100%&#8221; max_width=&#8221;none&#8221; custom_margin=&#8221;15%|0px||0px|false|true&#8221; custom_margin_tablet=&#8221;10%|0px||0px|false|true&#8221; custom_margin_phone=&#8221;10%||||false|true&#8221; custom_margin_last_edited=&#8221;on|phone&#8221; custom_padding=&#8221;0px||0px||false|false&#8221; module_alignment_tablet=&#8221;center&#8221; module_alignment_phone=&#8221;center&#8221; module_alignment_last_edited=&#8221;off|desktop&#8221; global_colors_info=&#8221;{}&#8221;][et_pb_column type=&#8221;1_2&#8243; _builder_version=&#8221;4.23.4&#8243; _module_preset=&#8221;default&#8221; background_enable_color=&#8221;off&#8221; background_enable_image=&#8221;off&#8221; parallax=&#8221;on&#8221; custom_padding=&#8221;20px|||0px|false|false&#8221; global_colors_info=&#8221;{}&#8221;][\/et_pb_column][et_pb_column type=&#8221;1_2&#8243; _builder_version=&#8221;4.23.4&#8243; _module_preset=&#8221;default&#8221; z_index=&#8221;10&#8243; custom_padding=&#8221;4%|8%|0px|8%|false|true&#8221; custom_padding_tablet=&#8221;|0px|||true|false&#8221; custom_padding_phone=&#8221;|0px|||true|false&#8221; custom_padding_last_edited=&#8221;off|tablet&#8221; border_color_all=&#8221;gcid-c89f5116-e22d-4a85-9acd-d2301e8087e7&#8243; global_colors_info=&#8221;{%22gcid-c89f5116-e22d-4a85-9acd-d2301e8087e7%22:%91%22border_color_all%22,%22border_color_right%22%93}&#8221;][et_pb_text _builder_version=&#8221;4.23.4&#8243; _module_preset=&#8221;b327cbe4-b1d5-4b66-ad37-40c8f2f061ba&#8221; custom_margin=&#8221;||10px||false|false&#8221; global_colors_info=&#8221;{%22gcid-dde5a108-6ff0-4332-95cd-17313c181436%22:%91%22header_2_text_color%22,%22header_2_text_color%22%93}&#8221;]<\/p>\n<h2>O u\u010ditelju<\/h2>\n<p>[\/et_pb_text][et_pb_text _builder_version=&#8221;4.27.0&#8243; _module_preset=&#8221;1f09816e-184e-4ce5-a4cf-b39c52c423ca&#8221; text_font=&#8221;Raleway||||||||&#8221; text_text_color=&#8221;gcid-dde5a108-6ff0-4332-95cd-17313c181436&#8243; text_font_size=&#8221;16px&#8221; text_line_height=&#8221;1.8em&#8221; custom_padding=&#8221;||17px|||&#8221; text_font_size_tablet=&#8221;14px&#8221; text_font_size_phone=&#8221;13px&#8221; text_font_size_last_edited=&#8221;on|phone&#8221; header_font_size_tablet=&#8221;55px&#8221; header_font_size_last_edited=&#8221;off|desktop&#8221; global_colors_info=&#8221;{%22gcid-dde5a108-6ff0-4332-95cd-17313c181436%22:%91%22text_text_color%22%93}&#8221;]<\/p>\n<p><span>Kazali\u0161ni i radiodramski redatelj, diplomirao na Kazali\u0161noj Akademiji u Utrechtu, Nizozemska.<\/span><\/p>\n<p>Meditacijom se susre\u0107e 1996. no duboki interes na teorijskoj i prakti\u010dnoj razini zapo\u010dinje 2003. Od tada biva na mnogim povla\u010denjima Vipassana i Zen isto\u010dnja\u010dkih i zapadnih majstora, slijede\u0107i upute usredoto\u010dene na razvoj pomnosti i dobrohotne ljubavi (Mindfulness i Metta meditacija).\u00a0Ima strast predati informaciju, upravo onu za koju dr\u017ei da mu je samom pomogla na putu kroz \u017eivot.<\/p>\n<p>Njegov u\u010ditelj, malezijski budisti\u010dki redovnik i poznati Vipassana majstor Bhante Sujiva, autorizirao ga je da podu\u010dava.<\/p>\n<p>[\/et_pb_text][et_pb_image src=&#8221;https:\/\/meditacija-m.com\/wp-content\/uploads\/2024\/01\/mislav-closeup-bw.jpeg&#8221; title_text=&#8221;mislav-closeup-bw&#8221; _builder_version=&#8221;4.23.4&#8243; _module_preset=&#8221;default&#8221; global_colors_info=&#8221;{}&#8221;][\/et_pb_image][\/et_pb_column][\/et_pb_row][et_pb_row column_structure=&#8221;1_2,1_2&#8243; use_custom_gutter=&#8221;on&#8221; gutter_width=&#8221;1&#8243; make_equal=&#8221;on&#8221; _builder_version=&#8221;4.27.0&#8243; _module_preset=&#8221;default&#8221; width=&#8221;100%&#8221; max_width=&#8221;none&#8221; custom_margin=&#8221;15%|0px||0px|false|true&#8221; custom_margin_tablet=&#8221;10%|0px||0px|false|true&#8221; custom_margin_phone=&#8221;10%||||false|true&#8221; custom_margin_last_edited=&#8221;on|phone&#8221; custom_padding=&#8221;0px||0px||false|false&#8221; module_alignment_tablet=&#8221;center&#8221; module_alignment_phone=&#8221;center&#8221; module_alignment_last_edited=&#8221;off|desktop&#8221; global_colors_info=&#8221;{}&#8221;][et_pb_column type=&#8221;1_2&#8243; _builder_version=&#8221;4.23.4&#8243; _module_preset=&#8221;default&#8221; background_enable_color=&#8221;off&#8221; background_enable_image=&#8221;off&#8221; parallax=&#8221;on&#8221; custom_padding=&#8221;20px|||0px|false|false&#8221; global_colors_info=&#8221;{}&#8221;][\/et_pb_column][et_pb_column type=&#8221;1_2&#8243; _builder_version=&#8221;4.23.4&#8243; _module_preset=&#8221;default&#8221; z_index=&#8221;10&#8243; custom_padding=&#8221;4%|8%|0px|8%|false|true&#8221; custom_padding_tablet=&#8221;|0px|||true|false&#8221; custom_padding_phone=&#8221;|0px|||true|false&#8221; custom_padding_last_edited=&#8221;off|tablet&#8221; border_color_all=&#8221;gcid-c89f5116-e22d-4a85-9acd-d2301e8087e7&#8243; global_colors_info=&#8221;{%22gcid-c89f5116-e22d-4a85-9acd-d2301e8087e7%22:%91%22border_color_all%22,%22border_color_right%22%93}&#8221;][et_pb_text _builder_version=&#8221;4.27.0&#8243; _module_preset=&#8221;b327cbe4-b1d5-4b66-ad37-40c8f2f061ba&#8221; custom_margin=&#8221;||10px||false|false&#8221; global_colors_info=&#8221;{%22gcid-dde5a108-6ff0-4332-95cd-17313c181436%22:%91%22header_2_text_color%22,%22header_2_text_color%22%93}&#8221;]<\/p>\n<h2>Individualni satovi<\/h2>\n<p>[\/et_pb_text][et_pb_text _builder_version=&#8221;4.27.0&#8243; _module_preset=&#8221;1f09816e-184e-4ce5-a4cf-b39c52c423ca&#8221; text_font=&#8221;Raleway||||||||&#8221; text_text_color=&#8221;gcid-dde5a108-6ff0-4332-95cd-17313c181436&#8243; text_font_size=&#8221;16px&#8221; text_line_height=&#8221;1.8em&#8221; custom_padding=&#8221;||17px|||&#8221; text_font_size_tablet=&#8221;14px&#8221; text_font_size_phone=&#8221;13px&#8221; text_font_size_last_edited=&#8221;on|phone&#8221; header_font_size_tablet=&#8221;55px&#8221; header_font_size_last_edited=&#8221;off|desktop&#8221; global_colors_info=&#8221;{%22gcid-dde5a108-6ff0-4332-95cd-17313c181436%22:%91%22text_text_color%22%93}&#8221;]<\/p>\n<p>Individualni satovi dogovaraju se izravno s u\u010diteljem te se odvijaju putem Zoom aplikacije ili prema dogovoru.<\/p>\n<p>U slu\u010daju da \u017eelite individualne satove s Mislavom molimo pi\u0161ete na <a href=\"mailto:mislav.brecic@gmail.com\">mislav.brecic@gmail.com<\/a><\/p>\n<p>[\/et_pb_text][et_pb_image src=&#8221;https:\/\/meditacija-m.com\/wp-content\/uploads\/2024\/11\/ai-generated-8936264_1920.jpg&#8221; title_text=&#8221;Individualni satovi&#8221; _builder_version=&#8221;4.27.0&#8243; _module_preset=&#8221;default&#8221; global_colors_info=&#8221;{}&#8221;][\/et_pb_image][et_pb_button button_url=&#8221;https:\/\/meditacija-m.com\/index.php\/kontakt\/&#8221; button_text=&#8221;Kontakt&#8221; button_alignment=&#8221;left&#8221; _builder_version=&#8221;4.27.0&#8243; _module_preset=&#8221;31b4f027-aaa0-4f2f-ae02-959764e19e4f&#8221; custom_button=&#8221;on&#8221; button_text_size=&#8221;14px&#8221; button_text_color=&#8221;#FFFFFF&#8221; button_bg_color=&#8221;#4a5349&#8243; button_border_width=&#8221;0px&#8221; button_border_radius=&#8221;0px&#8221; button_letter_spacing=&#8221;0.2em&#8221; button_font=&#8221;Raleway|600||on|||||&#8221; custom_margin=&#8221;10%||||false|false&#8221; custom_padding=&#8221;16px|24px|16px|24px|true|true&#8221; global_colors_info=&#8221;{}&#8221;][\/et_pb_button][\/et_pb_column][\/et_pb_row][et_pb_row column_structure=&#8221;1_2,1_2&#8243; use_custom_gutter=&#8221;on&#8221; gutter_width=&#8221;1&#8243; make_equal=&#8221;on&#8221; _builder_version=&#8221;4.23.4&#8243; _module_preset=&#8221;default&#8221; width=&#8221;100%&#8221; max_width=&#8221;none&#8221; custom_margin=&#8221;10%|0px||0px|false|true&#8221; custom_margin_tablet=&#8221;10%|0px||0px|false|true&#8221; custom_margin_phone=&#8221;10%|0px||0px|false|true&#8221; custom_margin_last_edited=&#8221;on|tablet&#8221; custom_padding=&#8221;0px||0px||false|false&#8221; module_alignment_tablet=&#8221;center&#8221; module_alignment_phone=&#8221;center&#8221; module_alignment_last_edited=&#8221;off|desktop&#8221; global_colors_info=&#8221;{}&#8221;][et_pb_column type=&#8221;1_2&#8243; _builder_version=&#8221;4.23.4&#8243; _module_preset=&#8221;default&#8221; background_enable_color=&#8221;off&#8221; background_enable_image=&#8221;off&#8221; parallax=&#8221;on&#8221; custom_padding=&#8221;20px|||0px|false|false&#8221; global_colors_info=&#8221;{}&#8221;][\/et_pb_column][et_pb_column type=&#8221;1_2&#8243; _builder_version=&#8221;4.23.4&#8243; _module_preset=&#8221;default&#8221; z_index=&#8221;10&#8243; custom_padding=&#8221;4%|8%|0px|8%|false|true&#8221; custom_padding_tablet=&#8221;|0px|||true|false&#8221; custom_padding_phone=&#8221;|0px|||true|false&#8221; custom_padding_last_edited=&#8221;off|tablet&#8221; border_color_all=&#8221;gcid-c89f5116-e22d-4a85-9acd-d2301e8087e7&#8243; border_width_right=&#8221;2px&#8221; global_colors_info=&#8221;{%22gcid-c89f5116-e22d-4a85-9acd-d2301e8087e7%22:%91%22border_color_all%22,%22border_color_right%22%93}&#8221;][et_pb_text _builder_version=&#8221;4.27.0&#8243; _module_preset=&#8221;b327cbe4-b1d5-4b66-ad37-40c8f2f061ba&#8221; custom_margin=&#8221;||10px||false|false&#8221; global_colors_info=&#8221;{%22gcid-dde5a108-6ff0-4332-95cd-17313c181436%22:%91%22header_2_text_color%22%93}&#8221;]<\/p>\n<h2>Kalendar doga\u0111anja<\/h2>\n<p>[\/et_pb_text][et_pb_text _builder_version=&#8221;4.23.4&#8243; _module_preset=&#8221;1f09816e-184e-4ce5-a4cf-b39c52c423ca&#8221; text_font=&#8221;Raleway||||||||&#8221; text_text_color=&#8221;gcid-dde5a108-6ff0-4332-95cd-17313c181436&#8243; text_font_size=&#8221;16px&#8221; text_line_height=&#8221;1.8em&#8221; custom_padding=&#8221;||35px|||&#8221; text_font_size_tablet=&#8221;14px&#8221; text_font_size_phone=&#8221;13px&#8221; text_font_size_last_edited=&#8221;on|phone&#8221; header_font_size_tablet=&#8221;55px&#8221; header_font_size_last_edited=&#8221;off|desktop&#8221; global_colors_info=&#8221;{%22gcid-dde5a108-6ff0-4332-95cd-17313c181436%22:%91%22text_text_color%22%93}&#8221;]<\/p>\n<p>Na kalendaru doga\u0111anja mo\u017eete vidjeti raspored svih najavljenih predavanja i povla\u010denja. Klikom na doga\u0111anje u kalendaru otvara se prozor koji sadr\u017ei dodatne detalje vezane za doga\u0111anje (upute, prijavnice, itd&#8230;).<\/p>\n<p>[\/et_pb_text][et_pb_code _builder_version=&#8221;4.23.4&#8243; _module_preset=&#8221;default&#8221; custom_margin=&#8221;||-13px|||&#8221; global_colors_info=&#8221;{}&#8221;]<div class=\"simcal-calendar simcal-default-calendar simcal-default-calendar-grid simcal-default-calendar-light simcal-default-calendar-light\" data-calendar-id=\"98\" data-timezone=\"Europe\/Zagreb\" data-offset=\"7200\" data-week-start=\"1\" data-calendar-start=\"1777759200\" data-calendar-end=\"1809280800\" data-events-first=\"1776009600\" data-events-last=\"1809280800\">\n\t\t\t\n            <table class=\"simcal-calendar-grid\"\n                   data-event-bubble-trigger=\"hover\">\n                <thead class=\"simcal-calendar-head\">\n                <tr>\n\t\t\t\t\t                        <th class=\"simcal-nav simcal-prev-wrapper\" colspan=\"1\">\n                            <button class=\"simcal-nav-button simcal-month-nav simcal-prev\" title=\"Previous Month\"><i class=\"simcal-icon-left\"><\/i><\/button>\n                        <\/th>\n\t\t\t\t\t                    <th colspan=\"5\"\n                        class=\"simcal-nav simcal-current\"\n                        data-calendar-current=\"1777759200\">\n\t\t\t\t\t\t<h3> <span class=\"simcal-current-month\">May<\/span>  <span class=\"simcal-current-year\">2026<\/span> <\/h3>                    <\/th>\n\t\t\t\t\t                        <th class=\"simcal-nav simcal-next-wrapper\" colspan=\"1\">\n                            <button class=\"simcal-nav-button simcal-month-nav simcal-next\" title=\"Next Month\"><i class=\"simcal-icon-right\"><\/i><\/button>\n                        <\/th>\n\t\t\t\t\t                <\/tr>\n                <tr>\n\t\t\t\t\t                        <th class=\"simcal-week-day simcal-week-day-1\"\n                            data-screen-small=\"M\"\n                            data-screen-medium=\"Mon\"\n                            data-screen-large=\"Monday\">Mon<\/th>\n\t\t\t\t\t\t                        <th class=\"simcal-week-day simcal-week-day-2\"\n                            data-screen-small=\"T\"\n                            data-screen-medium=\"Tue\"\n                            data-screen-large=\"Tuesday\">Tue<\/th>\n\t\t\t\t\t\t                        <th class=\"simcal-week-day simcal-week-day-3\"\n                            data-screen-small=\"W\"\n                            data-screen-medium=\"Wed\"\n                            data-screen-large=\"Wednesday\">Wed<\/th>\n\t\t\t\t\t\t                        <th class=\"simcal-week-day simcal-week-day-4\"\n                            data-screen-small=\"T\"\n                            data-screen-medium=\"Thu\"\n                            data-screen-large=\"Thursday\">Thu<\/th>\n\t\t\t\t\t\t                        <th class=\"simcal-week-day simcal-week-day-5\"\n                            data-screen-small=\"F\"\n                            data-screen-medium=\"Fri\"\n                            data-screen-large=\"Friday\">Fri<\/th>\n\t\t\t\t\t\t                        <th class=\"simcal-week-day simcal-week-day-6\"\n                            data-screen-small=\"S\"\n                            data-screen-medium=\"Sat\"\n                            data-screen-large=\"Saturday\">Sat<\/th>\n\t\t\t\t\t\t                            <th class=\"simcal-week-day simcal-week-day-0\"\n                                data-screen-small=\"S\"\n                                data-screen-medium=\"Sun\"\n                                data-screen-large=\"Sunday\">Sun<\/th>\n\t\t\t\t\t\t\t                <\/tr>\n                <\/thead>\n\n\t\t\t\t<tbody class=\"simcal-month simcal-month-5\">\n\t<tr class=\"simcal-week simcal-week-18\"><td class=\"simcal-day simcal-day-void \"><\/td>\n<td class=\"simcal-day simcal-day-void \"><\/td>\n<td class=\"simcal-day simcal-day-void \"><\/td>\n<td class=\"simcal-day simcal-day-void simcal-day-void-last\"><\/td>\n<td class=\"simcal-day-1 simcal-weekday-5 simcal-past simcal-day\" data-events-count=\"0\">\n\t<div>\n\t\t<span class=\"simcal-day-label simcal-day-number\">1<\/span>\n\t\t<span class=\"simcal-no-events\"><\/span>\n\t\t<span class=\"simcal-events-dots\" style=\"display: none;\"><\/span>\n\t<\/div>\n<\/td>\n<td class=\"simcal-day-2 simcal-weekday-6 simcal-past simcal-day\" data-events-count=\"0\">\n\t<div>\n\t\t<span class=\"simcal-day-label simcal-day-number\">2<\/span>\n\t\t<span class=\"simcal-no-events\"><\/span>\n\t\t<span class=\"simcal-events-dots\" style=\"display: none;\"><\/span>\n\t<\/div>\n<\/td>\n<td class=\"simcal-day-3 simcal-weekday-0 simcal-today simcal-present simcal-day\" data-events-count=\"0\">\n\t<div style=\"border: 1px solid #1e73be;\">\n\t\t<span class=\"simcal-day-label simcal-day-number\" style=\"background-color: #1e73be; color: #ffffff\">3<\/span>\n\t\t<span class=\"simcal-no-events\"><\/span>\n\t\t<span class=\"simcal-events-dots\" style=\"display: none;\"><\/span>\n\t<\/div>\n<\/td>\n<\/tr><tr class=\"simcal-week simcal-week-18\">\n<td class=\"simcal-day-4 simcal-weekday-1 simcal-future simcal-day\" data-events-count=\"0\">\n\t<div>\n\t\t<span class=\"simcal-day-label simcal-day-number\">4<\/span>\n\t\t<span class=\"simcal-no-events\"><\/span>\n\t\t<span class=\"simcal-events-dots\" style=\"display: none;\"><\/span>\n\t<\/div>\n<\/td>\n<td class=\"simcal-day-5 simcal-weekday-2 simcal-future simcal-day\" data-events-count=\"0\">\n\t<div>\n\t\t<span class=\"simcal-day-label simcal-day-number\">5<\/span>\n\t\t<span class=\"simcal-no-events\"><\/span>\n\t\t<span class=\"simcal-events-dots\" style=\"display: none;\"><\/span>\n\t<\/div>\n<\/td>\n<td class=\"simcal-day-6 simcal-weekday-3 simcal-future simcal-day\" data-events-count=\"0\">\n\t<div>\n\t\t<span class=\"simcal-day-label simcal-day-number\">6<\/span>\n\t\t<span class=\"simcal-no-events\"><\/span>\n\t\t<span class=\"simcal-events-dots\" style=\"display: none;\"><\/span>\n\t<\/div>\n<\/td>\n<td class=\"simcal-day-7 simcal-weekday-4 simcal-future simcal-day simcal-day-has-events simcal-day-has-1-events simcal-events-calendar-98\" data-events-count=\"1\">\n\t<div>\n\t\t<span class=\"simcal-day-label simcal-day-number\" style=\"background-color: #dd9933; color: #000000\">7<\/span>\n\t\t<ul class=\"simcal-events\">\t<li class=\"simcal-event simcal-events-calendar-98 simcal-tooltip\" itemscope itemtype=\"http:\/\/schema.org\/Event\">\n\t\t<span class=\"simcal-event-title\">Povla\u010denje u Vratima, Gorski Kotar<\/span>\n\t\t<div class=\"simcal-event-details simcal-tooltip-content\" style=\"display: none;\"><p><strong><span class=\"simcal-event-title\" itemprop=\"name\">Povla\u010denje u Vratima, Gorski Kotar<\/span><\/strong><\/p>\n<p><span class=\"simcal-event-start simcal-event-start-date\" data-event-start=\"1778104859\" data-event-format=\"m\/d\/Y\" itemprop=\"startDate\" content=\"2026-05-07T00:00:59+02:00\">05\/07\/2026<\/span> - <span class=\"simcal-event-start simcal-event-end-date\" data-event-start=\"1778450341\" data-event-format=\"m\/d\/Y\" itemprop=\"endDate\" content=\"2026-05-10T23:59:01+02:00\">05\/10\/2026<\/span>&nbsp;&nbsp;<br \/>\n <span class=\"simcal-event-address simcal-event-start-location\" itemprop=\"location\" itemscope itemtype=\"http:\/\/schema.org\/Place\"><meta itemprop=\"name\" content=\"Povla\u010denje u Vratima, Gorski Kotar\" \/><meta itemprop=\"address\" content=\"Povla\u010denje u Vratima, Gorski Kotar\" \/><\/span><\/p>\n<div><div class=\"simcal-event-description\" itemprop=\"description\"><p>Dragi svi,\u00a0<\/p>\n<p>obavje\u0161tavamo vas da \u0107e se od 7. - 10.5.2026. odr\u017eati vipassana meditacijsko povla\u010denje s Mislavom u Vratima, Gorski Kotar. Povla\u010denje po\u010dinje 7.5. u 19h, a zavr\u0161ava 10.5. iza ru\u010dka, oko 15h.<\/p>\n<p>Za informacije o povla\u010denju i uputama za uplatu kliknite ovdje:<br \/><a href=\"https:\/\/docs.google.com\/document\/d\/16fb9eeE6V-YoihYSPZGdiEc22X7GJTA-_uTfeUcTdMs\/edit?usp=sharing\" target=\"_blank\" class=\"pastedDriveLink-0\"><u>Info o povla\u010denju<\/u><\/a><\/p>\n<p>Za prijavu na povla\u010denje kliknite ovdje:\u00a0<br \/><a href=\"https:\/\/forms.gle\/gyGi1KdoDmubjyQH6\" target=\"_blank\"><u>Prijava na povla\u010denje<\/u><\/a><\/p>\n<p>Za sva pitanja molimo vas da pi\u0161ete organizatorici povla\u010denja Ines na\u00a0<a href=\"mailto:meditacija.m@gmail.com\" target=\"_blank\"><u>meditacija.m@gmail.com<\/u><\/a><\/p>\n<p>Svako dobro \ud83d\udc95<\/p>\n<\/div><\/div>\n<p> <a href=\"https:\/\/www.google.com\/calendar\/event?eid=NXF2MWFzZWZ0anBoZWc1Y2lxdm83OXQxanQgbWVkaXRhY2lqYS5tQG0&#038;ctz=Europe\/Belgrade\" target=\"_blank\" >See more details<\/a><\/p><\/div>\n\t<\/li>\n<\/ul>\n\n\t\t<span class=\"simcal-events-dots\" style=\"display: none;\"><b style=\"color: #000;\"> &bull; <\/b><\/span>\n\t<\/div>\n<\/td>\n<td class=\"simcal-day-8 simcal-weekday-5 simcal-future simcal-day simcal-day-has-events simcal-day-has-1-events simcal-events-calendar-98\" data-events-count=\"1\">\n\t<div>\n\t\t<span class=\"simcal-day-label simcal-day-number\" style=\"background-color: #dd9933; color: #000000\">8<\/span>\n\t\t<ul class=\"simcal-events\">\t<li class=\"simcal-event simcal-events-calendar-98 simcal-tooltip\" itemscope itemtype=\"http:\/\/schema.org\/Event\">\n\t\t<span class=\"simcal-event-title\">Povla\u010denje u Vratima, Gorski Kotar<\/span>\n\t\t<div class=\"simcal-event-details simcal-tooltip-content\" style=\"display: none;\"><p><strong><span class=\"simcal-event-title\" itemprop=\"name\">Povla\u010denje u Vratima, Gorski Kotar<\/span><\/strong><\/p>\n<p><span class=\"simcal-event-start simcal-event-start-date\" data-event-start=\"1778104859\" data-event-format=\"m\/d\/Y\" itemprop=\"startDate\" content=\"2026-05-07T00:00:59+02:00\">05\/07\/2026<\/span> - <span class=\"simcal-event-start simcal-event-end-date\" data-event-start=\"1778450341\" data-event-format=\"m\/d\/Y\" itemprop=\"endDate\" content=\"2026-05-10T23:59:01+02:00\">05\/10\/2026<\/span>&nbsp;&nbsp;<br \/>\n <span class=\"simcal-event-address simcal-event-start-location\" itemprop=\"location\" itemscope itemtype=\"http:\/\/schema.org\/Place\"><meta itemprop=\"name\" content=\"Povla\u010denje u Vratima, Gorski Kotar\" \/><meta itemprop=\"address\" content=\"Povla\u010denje u Vratima, Gorski Kotar\" \/><\/span><\/p>\n<div><div class=\"simcal-event-description\" itemprop=\"description\"><p>Dragi svi,\u00a0<\/p>\n<p>obavje\u0161tavamo vas da \u0107e se od 7. - 10.5.2026. odr\u017eati vipassana meditacijsko povla\u010denje s Mislavom u Vratima, Gorski Kotar. Povla\u010denje po\u010dinje 7.5. u 19h, a zavr\u0161ava 10.5. iza ru\u010dka, oko 15h.<\/p>\n<p>Za informacije o povla\u010denju i uputama za uplatu kliknite ovdje:<br \/><a href=\"https:\/\/docs.google.com\/document\/d\/16fb9eeE6V-YoihYSPZGdiEc22X7GJTA-_uTfeUcTdMs\/edit?usp=sharing\" target=\"_blank\" class=\"pastedDriveLink-0\"><u>Info o povla\u010denju<\/u><\/a><\/p>\n<p>Za prijavu na povla\u010denje kliknite ovdje:\u00a0<br \/><a href=\"https:\/\/forms.gle\/gyGi1KdoDmubjyQH6\" target=\"_blank\"><u>Prijava na povla\u010denje<\/u><\/a><\/p>\n<p>Za sva pitanja molimo vas da pi\u0161ete organizatorici povla\u010denja Ines na\u00a0<a href=\"mailto:meditacija.m@gmail.com\" target=\"_blank\"><u>meditacija.m@gmail.com<\/u><\/a><\/p>\n<p>Svako dobro \ud83d\udc95<\/p>\n<\/div><\/div>\n<p> <a href=\"https:\/\/www.google.com\/calendar\/event?eid=NXF2MWFzZWZ0anBoZWc1Y2lxdm83OXQxanQgbWVkaXRhY2lqYS5tQG0&#038;ctz=Europe\/Belgrade\" target=\"_blank\" >See more details<\/a><\/p><\/div>\n\t<\/li>\n<\/ul>\n\n\t\t<span class=\"simcal-events-dots\" style=\"display: none;\"><b style=\"color: #000;\"> &bull; <\/b><\/span>\n\t<\/div>\n<\/td>\n<td class=\"simcal-day-9 simcal-weekday-6 simcal-future simcal-day simcal-day-has-events simcal-day-has-1-events simcal-events-calendar-98\" data-events-count=\"1\">\n\t<div>\n\t\t<span class=\"simcal-day-label simcal-day-number\" style=\"background-color: #dd9933; color: #000000\">9<\/span>\n\t\t<ul class=\"simcal-events\">\t<li class=\"simcal-event simcal-events-calendar-98 simcal-tooltip\" itemscope itemtype=\"http:\/\/schema.org\/Event\">\n\t\t<span class=\"simcal-event-title\">Povla\u010denje u Vratima, Gorski Kotar<\/span>\n\t\t<div class=\"simcal-event-details simcal-tooltip-content\" style=\"display: none;\"><p><strong><span class=\"simcal-event-title\" itemprop=\"name\">Povla\u010denje u Vratima, Gorski Kotar<\/span><\/strong><\/p>\n<p><span class=\"simcal-event-start simcal-event-start-date\" data-event-start=\"1778104859\" data-event-format=\"m\/d\/Y\" itemprop=\"startDate\" content=\"2026-05-07T00:00:59+02:00\">05\/07\/2026<\/span> - <span class=\"simcal-event-start simcal-event-end-date\" data-event-start=\"1778450341\" data-event-format=\"m\/d\/Y\" itemprop=\"endDate\" content=\"2026-05-10T23:59:01+02:00\">05\/10\/2026<\/span>&nbsp;&nbsp;<br \/>\n <span class=\"simcal-event-address simcal-event-start-location\" itemprop=\"location\" itemscope itemtype=\"http:\/\/schema.org\/Place\"><meta itemprop=\"name\" content=\"Povla\u010denje u Vratima, Gorski Kotar\" \/><meta itemprop=\"address\" content=\"Povla\u010denje u Vratima, Gorski Kotar\" \/><\/span><\/p>\n<div><div class=\"simcal-event-description\" itemprop=\"description\"><p>Dragi svi,\u00a0<\/p>\n<p>obavje\u0161tavamo vas da \u0107e se od 7. - 10.5.2026. odr\u017eati vipassana meditacijsko povla\u010denje s Mislavom u Vratima, Gorski Kotar. Povla\u010denje po\u010dinje 7.5. u 19h, a zavr\u0161ava 10.5. iza ru\u010dka, oko 15h.<\/p>\n<p>Za informacije o povla\u010denju i uputama za uplatu kliknite ovdje:<br \/><a href=\"https:\/\/docs.google.com\/document\/d\/16fb9eeE6V-YoihYSPZGdiEc22X7GJTA-_uTfeUcTdMs\/edit?usp=sharing\" target=\"_blank\" class=\"pastedDriveLink-0\"><u>Info o povla\u010denju<\/u><\/a><\/p>\n<p>Za prijavu na povla\u010denje kliknite ovdje:\u00a0<br \/><a href=\"https:\/\/forms.gle\/gyGi1KdoDmubjyQH6\" target=\"_blank\"><u>Prijava na povla\u010denje<\/u><\/a><\/p>\n<p>Za sva pitanja molimo vas da pi\u0161ete organizatorici povla\u010denja Ines na\u00a0<a href=\"mailto:meditacija.m@gmail.com\" target=\"_blank\"><u>meditacija.m@gmail.com<\/u><\/a><\/p>\n<p>Svako dobro \ud83d\udc95<\/p>\n<\/div><\/div>\n<p> <a href=\"https:\/\/www.google.com\/calendar\/event?eid=NXF2MWFzZWZ0anBoZWc1Y2lxdm83OXQxanQgbWVkaXRhY2lqYS5tQG0&#038;ctz=Europe\/Belgrade\" target=\"_blank\" >See more details<\/a><\/p><\/div>\n\t<\/li>\n<\/ul>\n\n\t\t<span class=\"simcal-events-dots\" style=\"display: none;\"><b style=\"color: #000;\"> &bull; <\/b><\/span>\n\t<\/div>\n<\/td>\n<td class=\"simcal-day-10 simcal-weekday-0 simcal-future simcal-day simcal-day-has-events simcal-day-has-1-events simcal-events-calendar-98\" data-events-count=\"1\">\n\t<div>\n\t\t<span class=\"simcal-day-label simcal-day-number\" style=\"background-color: #dd9933; color: #000000\">10<\/span>\n\t\t<ul class=\"simcal-events\">\t<li class=\"simcal-event simcal-events-calendar-98 simcal-tooltip\" itemscope itemtype=\"http:\/\/schema.org\/Event\">\n\t\t<span class=\"simcal-event-title\">Povla\u010denje u Vratima, Gorski Kotar<\/span>\n\t\t<div class=\"simcal-event-details simcal-tooltip-content\" style=\"display: none;\"><p><strong><span class=\"simcal-event-title\" itemprop=\"name\">Povla\u010denje u Vratima, Gorski Kotar<\/span><\/strong><\/p>\n<p><span class=\"simcal-event-start simcal-event-start-date\" data-event-start=\"1778104859\" data-event-format=\"m\/d\/Y\" itemprop=\"startDate\" content=\"2026-05-07T00:00:59+02:00\">05\/07\/2026<\/span> - <span class=\"simcal-event-start simcal-event-end-date\" data-event-start=\"1778450341\" data-event-format=\"m\/d\/Y\" itemprop=\"endDate\" content=\"2026-05-10T23:59:01+02:00\">05\/10\/2026<\/span>&nbsp;&nbsp;<br \/>\n <span class=\"simcal-event-address simcal-event-start-location\" itemprop=\"location\" itemscope itemtype=\"http:\/\/schema.org\/Place\"><meta itemprop=\"name\" content=\"Povla\u010denje u Vratima, Gorski Kotar\" \/><meta itemprop=\"address\" content=\"Povla\u010denje u Vratima, Gorski Kotar\" \/><\/span><\/p>\n<div><div class=\"simcal-event-description\" itemprop=\"description\"><p>Dragi svi,\u00a0<\/p>\n<p>obavje\u0161tavamo vas da \u0107e se od 7. - 10.5.2026. odr\u017eati vipassana meditacijsko povla\u010denje s Mislavom u Vratima, Gorski Kotar. Povla\u010denje po\u010dinje 7.5. u 19h, a zavr\u0161ava 10.5. iza ru\u010dka, oko 15h.<\/p>\n<p>Za informacije o povla\u010denju i uputama za uplatu kliknite ovdje:<br \/><a href=\"https:\/\/docs.google.com\/document\/d\/16fb9eeE6V-YoihYSPZGdiEc22X7GJTA-_uTfeUcTdMs\/edit?usp=sharing\" target=\"_blank\" class=\"pastedDriveLink-0\"><u>Info o povla\u010denju<\/u><\/a><\/p>\n<p>Za prijavu na povla\u010denje kliknite ovdje:\u00a0<br \/><a href=\"https:\/\/forms.gle\/gyGi1KdoDmubjyQH6\" target=\"_blank\"><u>Prijava na povla\u010denje<\/u><\/a><\/p>\n<p>Za sva pitanja molimo vas da pi\u0161ete organizatorici povla\u010denja Ines na\u00a0<a href=\"mailto:meditacija.m@gmail.com\" target=\"_blank\"><u>meditacija.m@gmail.com<\/u><\/a><\/p>\n<p>Svako dobro \ud83d\udc95<\/p>\n<\/div><\/div>\n<p> <a href=\"https:\/\/www.google.com\/calendar\/event?eid=NXF2MWFzZWZ0anBoZWc1Y2lxdm83OXQxanQgbWVkaXRhY2lqYS5tQG0&#038;ctz=Europe\/Belgrade\" target=\"_blank\" >See more details<\/a><\/p><\/div>\n\t<\/li>\n<\/ul>\n\n\t\t<span class=\"simcal-events-dots\" style=\"display: none;\"><b style=\"color: #000;\"> &bull; <\/b><\/span>\n\t<\/div>\n<\/td>\n<\/tr><tr class=\"simcal-week simcal-week-19\">\n<td class=\"simcal-day-11 simcal-weekday-1 simcal-future simcal-day\" data-events-count=\"0\">\n\t<div>\n\t\t<span class=\"simcal-day-label simcal-day-number\">11<\/span>\n\t\t<span class=\"simcal-no-events\"><\/span>\n\t\t<span class=\"simcal-events-dots\" style=\"display: none;\"><\/span>\n\t<\/div>\n<\/td>\n<td class=\"simcal-day-12 simcal-weekday-2 simcal-future simcal-day\" data-events-count=\"0\">\n\t<div>\n\t\t<span class=\"simcal-day-label simcal-day-number\">12<\/span>\n\t\t<span class=\"simcal-no-events\"><\/span>\n\t\t<span class=\"simcal-events-dots\" style=\"display: none;\"><\/span>\n\t<\/div>\n<\/td>\n<td class=\"simcal-day-13 simcal-weekday-3 simcal-future simcal-day\" data-events-count=\"0\">\n\t<div>\n\t\t<span class=\"simcal-day-label simcal-day-number\">13<\/span>\n\t\t<span class=\"simcal-no-events\"><\/span>\n\t\t<span class=\"simcal-events-dots\" style=\"display: none;\"><\/span>\n\t<\/div>\n<\/td>\n<td class=\"simcal-day-14 simcal-weekday-4 simcal-future simcal-day\" data-events-count=\"0\">\n\t<div>\n\t\t<span class=\"simcal-day-label simcal-day-number\">14<\/span>\n\t\t<span class=\"simcal-no-events\"><\/span>\n\t\t<span class=\"simcal-events-dots\" style=\"display: none;\"><\/span>\n\t<\/div>\n<\/td>\n<td class=\"simcal-day-15 simcal-weekday-5 simcal-future simcal-day\" data-events-count=\"0\">\n\t<div>\n\t\t<span class=\"simcal-day-label simcal-day-number\">15<\/span>\n\t\t<span class=\"simcal-no-events\"><\/span>\n\t\t<span class=\"simcal-events-dots\" style=\"display: none;\"><\/span>\n\t<\/div>\n<\/td>\n<td class=\"simcal-day-16 simcal-weekday-6 simcal-future simcal-day\" data-events-count=\"0\">\n\t<div>\n\t\t<span class=\"simcal-day-label simcal-day-number\">16<\/span>\n\t\t<span class=\"simcal-no-events\"><\/span>\n\t\t<span class=\"simcal-events-dots\" style=\"display: none;\"><\/span>\n\t<\/div>\n<\/td>\n<td class=\"simcal-day-17 simcal-weekday-0 simcal-future simcal-day simcal-day-has-events simcal-day-has-1-events simcal-events-calendar-98\" data-events-count=\"1\">\n\t<div>\n\t\t<span class=\"simcal-day-label simcal-day-number\" style=\"background-color: #dd9933; color: #000000\">17<\/span>\n\t\t<ul class=\"simcal-events\">\t<li class=\"simcal-event simcal-event-recurring simcal-event-has-location simcal-events-calendar-98 simcal-tooltip\" itemscope itemtype=\"http:\/\/schema.org\/Event\">\n\t\t<span class=\"simcal-event-title\">Zajedni\u010dka meditacija<\/span>\n\t\t<div class=\"simcal-event-details simcal-tooltip-content\" style=\"display: none;\"><p><strong><span class=\"simcal-event-title\" itemprop=\"name\">Zajedni\u010dka meditacija<\/span><\/strong><\/p>\n<p><span class=\"simcal-event-start simcal-event-start-date\" data-event-start=\"1779033600\" data-event-format=\"m\/d\/Y\" itemprop=\"startDate\" content=\"2026-05-17T18:00:00+02:00\">05\/17\/2026<\/span>&nbsp;&nbsp;<span class=\"simcal-event-start simcal-event-start-time\" data-event-start=\"1779033600\" data-event-format=\"G:i a\" itemprop=\"startDate\" content=\"2026-05-17T18:00:00+02:00\">18:00 pm<\/span> - <span class=\"simcal-event-end simcal-event-end-time\" data-event-end=\"1779040800\" data-event-format=\"G:i a\" itemprop=\"endDate\" content=\"2026-05-17T20:00:00+02:00\">20:00 pm<\/span><br \/>\n <span class=\"simcal-event-address simcal-event-start-location\" itemprop=\"location\" itemscope itemtype=\"http:\/\/schema.org\/Place\"><meta itemprop=\"name\" content=\"DharmaWay Yoga Center &amp; Yoga Academy, Ul. Grada Mainza 24, 10000, Zagreb, Hrvatska\" \/><meta itemprop=\"address\" content=\"DharmaWay Yoga Center &amp; Yoga Academy, Ul. Grada Mainza 24, 10000, Zagreb, Hrvatska\" \/>DharmaWay Yoga Center &amp; Yoga Academy, Ul. Grada Mainza 24, 10000, Zagreb, Hrvatska<\/span><\/p>\n<div><div class=\"simcal-event-description\" itemprop=\"description\"><p>Zajedni\u010dka meditacija odr\u017eava se u Dharmaway yoga centru i online putem Google Meet aplikacije, od 18h do 20h.<\/p>\n<p><b><a href=\"https:\/\/meet.google.com\/cmo-jndg-vez\">Google meet link<\/a><\/b><\/p>\n<\/div><\/div>\n<p> <a href=\"https:\/\/www.google.com\/calendar\/event?eid=MDhzMnBoNmdlNnQ4MzY1MGNsam5tNGNkZ2JfMjAyNjA1MTdUMTYwMDAwWiBtZWRpdGFjaWphLm1AbQ&#038;ctz=Europe\/Belgrade\" target=\"_blank\" >See more details<\/a><\/p><\/div>\n\t<\/li>\n<\/ul>\n\n\t\t<span class=\"simcal-events-dots\" style=\"display: none;\"><b style=\"color: #000;\"> &bull; <\/b><\/span>\n\t<\/div>\n<\/td>\n<\/tr><tr class=\"simcal-week simcal-week-20\">\n<td class=\"simcal-day-18 simcal-weekday-1 simcal-future simcal-day\" data-events-count=\"0\">\n\t<div>\n\t\t<span class=\"simcal-day-label simcal-day-number\">18<\/span>\n\t\t<span class=\"simcal-no-events\"><\/span>\n\t\t<span class=\"simcal-events-dots\" style=\"display: none;\"><\/span>\n\t<\/div>\n<\/td>\n<td class=\"simcal-day-19 simcal-weekday-2 simcal-future simcal-day\" data-events-count=\"0\">\n\t<div>\n\t\t<span class=\"simcal-day-label simcal-day-number\">19<\/span>\n\t\t<span class=\"simcal-no-events\"><\/span>\n\t\t<span class=\"simcal-events-dots\" style=\"display: none;\"><\/span>\n\t<\/div>\n<\/td>\n<td class=\"simcal-day-20 simcal-weekday-3 simcal-future simcal-day\" data-events-count=\"0\">\n\t<div>\n\t\t<span class=\"simcal-day-label simcal-day-number\">20<\/span>\n\t\t<span class=\"simcal-no-events\"><\/span>\n\t\t<span class=\"simcal-events-dots\" style=\"display: none;\"><\/span>\n\t<\/div>\n<\/td>\n<td class=\"simcal-day-21 simcal-weekday-4 simcal-future simcal-day\" data-events-count=\"0\">\n\t<div>\n\t\t<span class=\"simcal-day-label simcal-day-number\">21<\/span>\n\t\t<span class=\"simcal-no-events\"><\/span>\n\t\t<span class=\"simcal-events-dots\" style=\"display: none;\"><\/span>\n\t<\/div>\n<\/td>\n<td class=\"simcal-day-22 simcal-weekday-5 simcal-future simcal-day\" data-events-count=\"0\">\n\t<div>\n\t\t<span class=\"simcal-day-label simcal-day-number\">22<\/span>\n\t\t<span class=\"simcal-no-events\"><\/span>\n\t\t<span class=\"simcal-events-dots\" style=\"display: none;\"><\/span>\n\t<\/div>\n<\/td>\n<td class=\"simcal-day-23 simcal-weekday-6 simcal-future simcal-day\" data-events-count=\"0\">\n\t<div>\n\t\t<span class=\"simcal-day-label simcal-day-number\">23<\/span>\n\t\t<span class=\"simcal-no-events\"><\/span>\n\t\t<span class=\"simcal-events-dots\" style=\"display: none;\"><\/span>\n\t<\/div>\n<\/td>\n<td class=\"simcal-day-24 simcal-weekday-0 simcal-future simcal-day simcal-day-has-events simcal-day-has-1-events simcal-events-calendar-98\" data-events-count=\"1\">\n\t<div>\n\t\t<span class=\"simcal-day-label simcal-day-number\" style=\"background-color: #dd9933; color: #000000\">24<\/span>\n\t\t<ul class=\"simcal-events\">\t<li class=\"simcal-event simcal-event-recurring simcal-event-has-location simcal-events-calendar-98 simcal-tooltip\" itemscope itemtype=\"http:\/\/schema.org\/Event\">\n\t\t<span class=\"simcal-event-title\">Zajedni\u010dka meditacija<\/span>\n\t\t<div class=\"simcal-event-details simcal-tooltip-content\" style=\"display: none;\"><p><strong><span class=\"simcal-event-title\" itemprop=\"name\">Zajedni\u010dka meditacija<\/span><\/strong><\/p>\n<p><span class=\"simcal-event-start simcal-event-start-date\" data-event-start=\"1779638400\" data-event-format=\"m\/d\/Y\" itemprop=\"startDate\" content=\"2026-05-24T18:00:00+02:00\">05\/24\/2026<\/span>&nbsp;&nbsp;<span class=\"simcal-event-start simcal-event-start-time\" data-event-start=\"1779638400\" data-event-format=\"G:i a\" itemprop=\"startDate\" content=\"2026-05-24T18:00:00+02:00\">18:00 pm<\/span> - <span class=\"simcal-event-end simcal-event-end-time\" data-event-end=\"1779645600\" data-event-format=\"G:i a\" itemprop=\"endDate\" content=\"2026-05-24T20:00:00+02:00\">20:00 pm<\/span><br \/>\n <span class=\"simcal-event-address simcal-event-start-location\" itemprop=\"location\" itemscope itemtype=\"http:\/\/schema.org\/Place\"><meta itemprop=\"name\" content=\"DharmaWay Yoga Center &amp; Yoga Academy, Ul. Grada Mainza 24, 10000, Zagreb, Hrvatska\" \/><meta itemprop=\"address\" content=\"DharmaWay Yoga Center &amp; Yoga Academy, Ul. Grada Mainza 24, 10000, Zagreb, Hrvatska\" \/>DharmaWay Yoga Center &amp; Yoga Academy, Ul. Grada Mainza 24, 10000, Zagreb, Hrvatska<\/span><\/p>\n<div><div class=\"simcal-event-description\" itemprop=\"description\"><p>Zajedni\u010dka meditacija odr\u017eava se u Dharmaway yoga centru i online putem Google Meet aplikacije, od 18h do 20h.<\/p>\n<p><b><a href=\"https:\/\/meet.google.com\/cmo-jndg-vez\">Google meet link<\/a><\/b><\/p>\n<\/div><\/div>\n<p> <a href=\"https:\/\/www.google.com\/calendar\/event?eid=MDhzMnBoNmdlNnQ4MzY1MGNsam5tNGNkZ2JfMjAyNjA1MjRUMTYwMDAwWiBtZWRpdGFjaWphLm1AbQ&#038;ctz=Europe\/Belgrade\" target=\"_blank\" >See more details<\/a><\/p><\/div>\n\t<\/li>\n<\/ul>\n\n\t\t<span class=\"simcal-events-dots\" style=\"display: none;\"><b style=\"color: #000;\"> &bull; <\/b><\/span>\n\t<\/div>\n<\/td>\n<\/tr><tr class=\"simcal-week simcal-week-21\">\n<td class=\"simcal-day-25 simcal-weekday-1 simcal-future simcal-day\" data-events-count=\"0\">\n\t<div>\n\t\t<span class=\"simcal-day-label simcal-day-number\">25<\/span>\n\t\t<span class=\"simcal-no-events\"><\/span>\n\t\t<span class=\"simcal-events-dots\" style=\"display: none;\"><\/span>\n\t<\/div>\n<\/td>\n<td class=\"simcal-day-26 simcal-weekday-2 simcal-future simcal-day\" data-events-count=\"0\">\n\t<div>\n\t\t<span class=\"simcal-day-label simcal-day-number\">26<\/span>\n\t\t<span class=\"simcal-no-events\"><\/span>\n\t\t<span class=\"simcal-events-dots\" style=\"display: none;\"><\/span>\n\t<\/div>\n<\/td>\n<td class=\"simcal-day-27 simcal-weekday-3 simcal-future simcal-day\" data-events-count=\"0\">\n\t<div>\n\t\t<span class=\"simcal-day-label simcal-day-number\">27<\/span>\n\t\t<span class=\"simcal-no-events\"><\/span>\n\t\t<span class=\"simcal-events-dots\" style=\"display: none;\"><\/span>\n\t<\/div>\n<\/td>\n<td class=\"simcal-day-28 simcal-weekday-4 simcal-future simcal-day\" data-events-count=\"0\">\n\t<div>\n\t\t<span class=\"simcal-day-label simcal-day-number\">28<\/span>\n\t\t<span class=\"simcal-no-events\"><\/span>\n\t\t<span class=\"simcal-events-dots\" style=\"display: none;\"><\/span>\n\t<\/div>\n<\/td>\n<td class=\"simcal-day-29 simcal-weekday-5 simcal-future simcal-day\" data-events-count=\"0\">\n\t<div>\n\t\t<span class=\"simcal-day-label simcal-day-number\">29<\/span>\n\t\t<span class=\"simcal-no-events\"><\/span>\n\t\t<span class=\"simcal-events-dots\" style=\"display: none;\"><\/span>\n\t<\/div>\n<\/td>\n<td class=\"simcal-day-30 simcal-weekday-6 simcal-future simcal-day\" data-events-count=\"0\">\n\t<div>\n\t\t<span class=\"simcal-day-label simcal-day-number\">30<\/span>\n\t\t<span class=\"simcal-no-events\"><\/span>\n\t\t<span class=\"simcal-events-dots\" style=\"display: none;\"><\/span>\n\t<\/div>\n<\/td>\n<td class=\"simcal-day-31 simcal-weekday-0 simcal-future simcal-day simcal-day-has-events simcal-day-has-1-events simcal-events-calendar-98\" data-events-count=\"1\">\n\t<div>\n\t\t<span class=\"simcal-day-label simcal-day-number\" style=\"background-color: #dd9933; color: #000000\">31<\/span>\n\t\t<ul class=\"simcal-events\">\t<li class=\"simcal-event simcal-event-recurring simcal-event-has-location simcal-events-calendar-98 simcal-tooltip\" itemscope itemtype=\"http:\/\/schema.org\/Event\">\n\t\t<span class=\"simcal-event-title\">Zajedni\u010dka meditacija<\/span>\n\t\t<div class=\"simcal-event-details simcal-tooltip-content\" style=\"display: none;\"><p><strong><span class=\"simcal-event-title\" itemprop=\"name\">Zajedni\u010dka meditacija<\/span><\/strong><\/p>\n<p><span class=\"simcal-event-start simcal-event-start-date\" data-event-start=\"1780243200\" data-event-format=\"m\/d\/Y\" itemprop=\"startDate\" content=\"2026-05-31T18:00:00+02:00\">05\/31\/2026<\/span>&nbsp;&nbsp;<span class=\"simcal-event-start simcal-event-start-time\" data-event-start=\"1780243200\" data-event-format=\"G:i a\" itemprop=\"startDate\" content=\"2026-05-31T18:00:00+02:00\">18:00 pm<\/span> - <span class=\"simcal-event-end simcal-event-end-time\" data-event-end=\"1780250400\" data-event-format=\"G:i a\" itemprop=\"endDate\" content=\"2026-05-31T20:00:00+02:00\">20:00 pm<\/span><br \/>\n <span class=\"simcal-event-address simcal-event-start-location\" itemprop=\"location\" itemscope itemtype=\"http:\/\/schema.org\/Place\"><meta itemprop=\"name\" content=\"DharmaWay Yoga Center &amp; Yoga Academy, Ul. Grada Mainza 24, 10000, Zagreb, Hrvatska\" \/><meta itemprop=\"address\" content=\"DharmaWay Yoga Center &amp; Yoga Academy, Ul. Grada Mainza 24, 10000, Zagreb, Hrvatska\" \/>DharmaWay Yoga Center &amp; Yoga Academy, Ul. Grada Mainza 24, 10000, Zagreb, Hrvatska<\/span><\/p>\n<div><div class=\"simcal-event-description\" itemprop=\"description\"><p>Zajedni\u010dka meditacija odr\u017eava se u Dharmaway yoga centru i online putem Google Meet aplikacije, od 18h do 20h.<\/p>\n<p><b><a href=\"https:\/\/meet.google.com\/cmo-jndg-vez\">Google meet link<\/a><\/b><\/p>\n<\/div><\/div>\n<p> <a href=\"https:\/\/www.google.com\/calendar\/event?eid=MDhzMnBoNmdlNnQ4MzY1MGNsam5tNGNkZ2JfMjAyNjA1MzFUMTYwMDAwWiBtZWRpdGFjaWphLm1AbQ&#038;ctz=Europe\/Belgrade\" target=\"_blank\" >See more details<\/a><\/p><\/div>\n\t<\/li>\n<\/ul>\n\n\t\t<span class=\"simcal-events-dots\" style=\"display: none;\"><b style=\"color: #000;\"> &bull; <\/b><\/span>\n\t<\/div>\n<\/td>\n<\/tr><td class=\"simcal-day simcal-day-void \"><\/td>\n<td class=\"simcal-day simcal-day-void \"><\/td>\n<td class=\"simcal-day simcal-day-void \"><\/td>\n<td class=\"simcal-day simcal-day-void \"><\/td>\n<td class=\"simcal-day simcal-day-void \"><\/td>\n<td class=\"simcal-day simcal-day-void \"><\/td>\n<td class=\"simcal-day simcal-day-void simcal-day-void-last\"><\/td>\n\t<\/tr>\n<\/tbody>\n\t \t\t\t\n            <\/table>\n\n\t\t\t<\/div>[\/et_pb_code][\/et_pb_column][\/et_pb_row][\/et_pb_section][et_pb_section fb_built=&#8221;1&#8243; admin_label=&#8221;Footer&#8221; _builder_version=&#8221;4.27.0&#8243; _module_preset=&#8221;default&#8221; background_color=&#8221;RGBA(255,255,255,0)&#8221; width=&#8221;90%&#8221; module_alignment=&#8221;center&#8221; custom_margin=&#8221;58px||||false|false&#8221; custom_margin_tablet=&#8221;58px||||false|false&#8221; custom_margin_phone=&#8221;5%||||false|false&#8221; custom_margin_last_edited=&#8221;on|phone&#8221; custom_padding=&#8221;21px|||||&#8221; border_width_top=&#8221;1px&#8221; global_module=&#8221;370&#8243; saved_tabs=&#8221;all&#8221; collapsed=&#8221;on&#8221; global_colors_info=&#8221;{}&#8221;][et_pb_row column_structure=&#8221;1_2,1_2&#8243; _builder_version=&#8221;4.27.0&#8243; _module_preset=&#8221;default&#8221; max_width=&#8221;2560px&#8221; global_colors_info=&#8221;{}&#8221;][et_pb_column type=&#8221;1_2&#8243; _builder_version=&#8221;4.25.1&#8243; _module_preset=&#8221;default&#8221; global_colors_info=&#8221;{}&#8221;][et_pb_heading title=&#8221;Kontakt&#8221; _builder_version=&#8221;4.27.0&#8243; _module_preset=&#8221;_initial&#8221; title_level=&#8221;h2&#8243; title_font=&#8221;&#8211;et_global_heading_font||||||||&#8221; title_font_size=&#8221;60px&#8221; title_line_height=&#8221;1.2em&#8221; custom_margin=&#8221;||10px||false|false&#8221; title_font_size_tablet=&#8221;32px&#8221; title_font_size_phone=&#8221;30px&#8221; title_font_size_last_edited=&#8221;on|phone&#8221; global_colors_info=&#8221;{}&#8221;][\/et_pb_heading][et_pb_text _builder_version=&#8221;4.27.0&#8243; _module_preset=&#8221;default&#8221; text_font=&#8221;&#8211;et_global_body_font||||||||&#8221; text_font_size=&#8221;16px&#8221; text_font_size_tablet=&#8221;14px&#8221; text_font_size_phone=&#8221;&#8221; text_font_size_last_edited=&#8221;on|phone&#8221; global_colors_info=&#8221;{}&#8221;]<\/p>\n<p><span style=\"font-weight: 400;\">Ako imate bilo kakvih pitanja slobodno nas kontaktirajte.<\/span><\/p>\n<p>[\/et_pb_text][et_pb_heading title=&#8221;U slu\u010daju da \u017eelite individualne satove s Mislavom ili imate pitanja vezana za praksu pi\u0161ite na:&#8221; _builder_version=&#8221;4.27.0&#8243; _module_preset=&#8221;_initial&#8221; title_level=&#8221;h6&#8243; title_font=&#8221;&#8211;et_global_body_font|700|||||||&#8221; title_font_size=&#8221;16px&#8221; title_line_height=&#8221;1.4em&#8221; custom_margin=&#8221;||0px||false|false&#8221; title_font_size_tablet=&#8221;15px&#8221; title_font_size_phone=&#8221;13px&#8221; title_font_size_last_edited=&#8221;on|phone&#8221; global_colors_info=&#8221;{}&#8221;][\/et_pb_heading][et_pb_text quote_border_color=&#8221;#f2a094&#8243; _builder_version=&#8221;4.27.0&#8243; _module_preset=&#8221;default&#8221; text_font=&#8221;&#8211;et_global_body_font||||||||&#8221; text_line_height=&#8221;1.8em&#8221; link_text_color=&#8221;#0C71C3&#8243; quote_font=&#8221;DM Serif Text||||||||&#8221; quote_text_color=&#8221;#164e4e&#8221; quote_font_size=&#8221;24px&#8221; quote_line_height=&#8221;1.4em&#8221; header_font=&#8221;DM Serif Text||||||||&#8221; header_font_size=&#8221;110px&#8221; header_letter_spacing=&#8221;-0.02em&#8221; header_2_font=&#8221;DM Serif Text||||||||&#8221; header_2_font_size=&#8221;56px&#8221; header_3_font=&#8221;DM Serif Text||||||||&#8221; header_3_font_size=&#8221;36px&#8221; header_3_line_height=&#8221;1.2em&#8221; header_4_font=&#8221;DM Serif Text||||||||&#8221; header_4_font_size=&#8221;24px&#8221; header_4_line_height=&#8221;1.3em&#8221; header_5_font=&#8221;Montserrat|700|||||||&#8221; header_5_font_size=&#8221;18px&#8221; header_5_line_height=&#8221;1.4em&#8221; header_6_font=&#8221;Montserrat|700|||||||&#8221; header_6_font_size=&#8221;16px&#8221; header_6_line_height=&#8221;1.4em&#8221; quote_font_size_tablet=&#8221;18px&#8221; quote_font_size_phone=&#8221;16px&#8221; quote_font_size_last_edited=&#8221;on|phone&#8221; header_font_size_tablet=&#8221;40px&#8221; header_font_size_phone=&#8221;24px&#8221; header_font_size_last_edited=&#8221;on|desktop&#8221; header_2_font_size_tablet=&#8221;32px&#8221; header_2_font_size_phone=&#8221;20px&#8221; header_2_font_size_last_edited=&#8221;on|desktop&#8221; header_3_font_size_tablet=&#8221;24px&#8221; header_3_font_size_phone=&#8221;18px&#8221; header_3_font_size_last_edited=&#8221;on|phone&#8221; header_4_font_size_tablet=&#8221;20px&#8221; header_4_font_size_phone=&#8221;16px&#8221; header_4_font_size_last_edited=&#8221;on|phone&#8221; header_5_font_size_tablet=&#8221;16px&#8221; header_5_font_size_phone=&#8221;14px&#8221; header_5_font_size_last_edited=&#8221;on|phone&#8221; header_6_font_size_tablet=&#8221;15px&#8221; header_6_font_size_phone=&#8221;13px&#8221; header_6_font_size_last_edited=&#8221;on|desktop&#8221; global_colors_info=&#8221;{}&#8221;]<\/p>\n<p><a href=\"mailto:mislav.brecic@gmail.com\">mislav.brecic@gmail.com<\/a><\/p>\n<p>[\/et_pb_text][et_pb_heading title=&#8221;Za sve vezano za organizaciju povla\u010denja i predavanja pi\u0161ite na:&#8221; _builder_version=&#8221;4.27.0&#8243; _module_preset=&#8221;_initial&#8221; title_level=&#8221;h6&#8243; title_font=&#8221;&#8211;et_global_body_font|700|||||||&#8221; title_font_size=&#8221;16px&#8221; title_line_height=&#8221;1.4em&#8221; custom_margin=&#8221;||0px||false|false&#8221; title_font_size_tablet=&#8221;15px&#8221; title_font_size_phone=&#8221;13px&#8221; title_font_size_last_edited=&#8221;on|phone&#8221; global_colors_info=&#8221;{}&#8221;][\/et_pb_heading][et_pb_text quote_border_color=&#8221;#f2a094&#8243; _builder_version=&#8221;4.27.0&#8243; _module_preset=&#8221;_initial&#8221; text_line_height=&#8221;1.8em&#8221; link_text_color=&#8221;#0C71C3&#8243; quote_font=&#8221;DM Serif Text||||||||&#8221; quote_text_color=&#8221;#164e4e&#8221; quote_font_size=&#8221;24px&#8221; quote_line_height=&#8221;1.4em&#8221; header_font=&#8221;DM Serif Text||||||||&#8221; header_font_size=&#8221;110px&#8221; header_letter_spacing=&#8221;-0.02em&#8221; header_2_font=&#8221;DM Serif Text||||||||&#8221; header_2_font_size=&#8221;56px&#8221; header_3_font=&#8221;DM Serif Text||||||||&#8221; header_3_font_size=&#8221;36px&#8221; header_3_line_height=&#8221;1.2em&#8221; header_4_font=&#8221;DM Serif Text||||||||&#8221; header_4_font_size=&#8221;24px&#8221; header_4_line_height=&#8221;1.3em&#8221; header_5_font=&#8221;Montserrat|700|||||||&#8221; header_5_font_size=&#8221;18px&#8221; header_5_line_height=&#8221;1.4em&#8221; header_6_font=&#8221;Montserrat|700|||||||&#8221; header_6_font_size=&#8221;16px&#8221; header_6_line_height=&#8221;1.4em&#8221; quote_font_size_tablet=&#8221;18px&#8221; quote_font_size_phone=&#8221;16px&#8221; quote_font_size_last_edited=&#8221;on|phone&#8221; header_font_size_tablet=&#8221;40px&#8221; header_font_size_phone=&#8221;24px&#8221; header_font_size_last_edited=&#8221;on|desktop&#8221; header_2_font_size_tablet=&#8221;32px&#8221; header_2_font_size_phone=&#8221;20px&#8221; header_2_font_size_last_edited=&#8221;on|desktop&#8221; header_3_font_size_tablet=&#8221;24px&#8221; header_3_font_size_phone=&#8221;18px&#8221; header_3_font_size_last_edited=&#8221;on|phone&#8221; header_4_font_size_tablet=&#8221;20px&#8221; header_4_font_size_phone=&#8221;16px&#8221; header_4_font_size_last_edited=&#8221;on|phone&#8221; header_5_font_size_tablet=&#8221;16px&#8221; header_5_font_size_phone=&#8221;14px&#8221; header_5_font_size_last_edited=&#8221;on|phone&#8221; header_6_font_size_tablet=&#8221;15px&#8221; header_6_font_size_phone=&#8221;13px&#8221; header_6_font_size_last_edited=&#8221;on|desktop&#8221; global_colors_info=&#8221;{}&#8221;]<\/p>\n<p><a href=\"mailto:meditacija.m@gmail.com\">meditacija.m@gmail.com<\/a><\/p>\n<p>[\/et_pb_text][\/et_pb_column][et_pb_column type=&#8221;1_2&#8243; _builder_version=&#8221;4.25.1&#8243; _module_preset=&#8221;default&#8221; global_colors_info=&#8221;{}&#8221;][et_pb_heading title=&#8221;Donacije&#8221; _builder_version=&#8221;4.27.0&#8243; _module_preset=&#8221;_initial&#8221; title_level=&#8221;h2&#8243; title_font=&#8221;&#8211;et_global_heading_font||||||||&#8221; title_font_size=&#8221;60px&#8221; title_line_height=&#8221;1.2em&#8221; custom_margin=&#8221;||10px||false|false&#8221; title_font_size_tablet=&#8221;32px&#8221; title_font_size_phone=&#8221;30px&#8221; title_font_size_last_edited=&#8221;on|phone&#8221; global_colors_info=&#8221;{}&#8221;][\/et_pb_heading][et_pb_text _builder_version=&#8221;4.27.0&#8243; _module_preset=&#8221;default&#8221; text_font=&#8221;&#8211;et_global_body_font||||||||&#8221; text_font_size=&#8221;16px&#8221; text_font_size_tablet=&#8221;14px&#8221; text_font_size_phone=&#8221;&#8221; text_font_size_last_edited=&#8221;on|phone&#8221; global_colors_info=&#8221;{}&#8221;]<\/p>\n<p><span style=\"font-weight: 400;\">U\u010denje je ponu\u0111eno od srca i potpuno je besplatno. Ako \u017eelite mo\u017eete donirati u\u010ditelju Mislavu Bre\u010di\u0107u na ra\u010dun u nastavku.<\/span><\/p>\n<p>[\/et_pb_text][et_pb_heading title=&#8221;Mislav Bre\u010di\u0107 &#8221; _builder_version=&#8221;4.27.0&#8243; _module_preset=&#8221;_initial&#8221; title_level=&#8221;h6&#8243; title_font=&#8221;&#8211;et_global_body_font|700|||||||&#8221; title_font_size=&#8221;16px&#8221; title_line_height=&#8221;1.4em&#8221; custom_margin=&#8221;||0px||false|false&#8221; title_font_size_tablet=&#8221;15px&#8221; title_font_size_phone=&#8221;13px&#8221; title_font_size_last_edited=&#8221;on|phone&#8221; global_colors_info=&#8221;{}&#8221;][\/et_pb_heading][et_pb_heading title=&#8221;IBAN HR5623600003217859999&#8243; _builder_version=&#8221;4.27.0&#8243; _module_preset=&#8221;_initial&#8221; title_level=&#8221;h6&#8243; title_font=&#8221;&#8211;et_global_body_font|700|||||||&#8221; title_font_size=&#8221;16px&#8221; title_line_height=&#8221;1.4em&#8221; custom_margin=&#8221;||0px||false|false&#8221; title_font_size_tablet=&#8221;15px&#8221; title_font_size_phone=&#8221;13px&#8221; title_font_size_last_edited=&#8221;on|phone&#8221; global_colors_info=&#8221;{}&#8221;][\/et_pb_heading][et_pb_heading title=&#8221;Opis pla\u0107anja: donacija&#8221; _builder_version=&#8221;4.27.0&#8243; _module_preset=&#8221;_initial&#8221; title_level=&#8221;h6&#8243; title_font=&#8221;&#8211;et_global_body_font|700|||||||&#8221; title_font_size=&#8221;16px&#8221; title_line_height=&#8221;1.4em&#8221; custom_margin=&#8221;||0px||false|false&#8221; title_font_size_tablet=&#8221;15px&#8221; title_font_size_phone=&#8221;13px&#8221; title_font_size_last_edited=&#8221;on|phone&#8221; global_colors_info=&#8221;{}&#8221;][\/et_pb_heading][et_pb_image src=&#8221;https:\/\/meditacija-m.com\/wp-content\/uploads\/2024\/11\/WhatsApp-Image-2024-11-13-at-13.47.05-e1731509744769.jpeg&#8221; title_text=&#8221;QR&#8221; _builder_version=&#8221;4.27.0&#8243; _module_preset=&#8221;default&#8221; width=&#8221;55%&#8221; width_tablet=&#8221;&#8221; width_phone=&#8221;100%&#8221; width_last_edited=&#8221;on|desktop&#8221; global_colors_info=&#8221;{}&#8221;][\/et_pb_image][\/et_pb_column][\/et_pb_row][\/et_pb_section]<\/p>\n","protected":false},"excerpt":{"rendered":"<p>Meditacije s MislavomObavijestiPutem obavijesti mo\u017eete dobiti sve bitne informacije kao \u0161to su najave meditacijskih povla\u010denja, radionica, zajedni\u010dkih meditacija i eventualnih promjena u rasporedu.Zajedni\u010dke meditacijePridru\u017eite nam se nedjeljom od 18:00 do 20:00 na zajedni\u010dkim meditacijama s Mislavom u\u017eivo u DharmaWay yoga centru, Grada Mainza 24, Zagreb ili putem Google Meet-a. Za upute kako se uklju\u010diti na [&hellip;]<\/p>\n","protected":false},"author":1,"featured_media":0,"parent":0,"menu_order":0,"comment_status":"closed","ping_status":"closed","template":"","meta":{"_et_pb_use_builder":"on","_et_pb_old_content":"","_et_gb_content_width":"","footnotes":""},"class_list":["post-11","page","type-page","status-publish","hentry"],"_links":{"self":[{"href":"https:\/\/meditacija-m.com\/index.php\/wp-json\/wp\/v2\/pages\/11","targetHints":{"allow":["GET"]}}],"collection":[{"href":"https:\/\/meditacija-m.com\/index.php\/wp-json\/wp\/v2\/pages"}],"about":[{"href":"https:\/\/meditacija-m.com\/index.php\/wp-json\/wp\/v2\/types\/page"}],"author":[{"embeddable":true,"href":"https:\/\/meditacija-m.com\/index.php\/wp-json\/wp\/v2\/users\/1"}],"replies":[{"embeddable":true,"href":"https:\/\/meditacija-m.com\/index.php\/wp-json\/wp\/v2\/comments?post=11"}],"version-history":[{"count":118,"href":"https:\/\/meditacija-m.com\/index.php\/wp-json\/wp\/v2\/pages\/11\/revisions"}],"predecessor-version":[{"id":721,"href":"https:\/\/meditacija-m.com\/index.php\/wp-json\/wp\/v2\/pages\/11\/revisions\/721"}],"wp:attachment":[{"href":"https:\/\/meditacija-m.com\/index.php\/wp-json\/wp\/v2\/media?parent=11"}],"curies":[{"name":"wp","href":"https:\/\/api.w.org\/{rel}","templated":true}]}}