{"id":310,"date":"2024-11-07T19:08:29","date_gmt":"2024-11-07T18:08:29","guid":{"rendered":"https:\/\/meditacija-m.com\/?page_id=310"},"modified":"2025-05-03T09:14:04","modified_gmt":"2025-05-03T07:14:04","slug":"obavijesti","status":"publish","type":"page","link":"https:\/\/meditacija-m.com\/index.php\/obavijesti\/","title":{"rendered":"Obavijesti"},"content":{"rendered":"<p>[et_pb_section fb_built=&#8221;1&#8243; disabled_on=&#8221;off|off|off&#8221; _builder_version=&#8221;4.27.0&#8243; _module_preset=&#8221;default&#8221; custom_padding=&#8221;1px||13px|||&#8221; global_colors_info=&#8221;{}&#8221;][et_pb_row use_custom_gutter=&#8221;on&#8221; gutter_width=&#8221;1&#8243; make_equal=&#8221;on&#8221; _builder_version=&#8221;4.27.0&#8243; _module_preset=&#8221;default&#8221; width=&#8221;100%&#8221; max_width=&#8221;none&#8221; custom_margin=&#8221;2%||6%||false|false&#8221; custom_margin_tablet=&#8221;2%||6%||false|false&#8221; custom_margin_phone=&#8221;6%||10%||false|false&#8221; custom_margin_last_edited=&#8221;on|phone&#8221; custom_padding=&#8221;0px||0px||false|false&#8221; module_alignment_tablet=&#8221;center&#8221; module_alignment_phone=&#8221;center&#8221; module_alignment_last_edited=&#8221;off|desktop&#8221; global_colors_info=&#8221;{}&#8221;][et_pb_column type=&#8221;4_4&#8243; _builder_version=&#8221;4.23.4&#8243; _module_preset=&#8221;default&#8221; z_index=&#8221;10&#8243; custom_padding=&#8221;4%|8%|0px|8%|false|true&#8221; custom_padding_tablet=&#8221;|0px|||true|false&#8221; custom_padding_phone=&#8221;|0px|||true|false&#8221; custom_padding_last_edited=&#8221;off|tablet&#8221; border_color_all=&#8221;gcid-c89f5116-e22d-4a85-9acd-d2301e8087e7&#8243; border_width_right=&#8221;2px&#8221; global_colors_info=&#8221;{%22gcid-c89f5116-e22d-4a85-9acd-d2301e8087e7%22:%91%22border_color_all%22,%22border_color_right%22%93}&#8221;][et_pb_text _builder_version=&#8221;4.27.0&#8243; _module_preset=&#8221;c16985e1-e0d6-4022-964d-e2bfc04fa633&#8243; header_font=&#8221;&#8211;et_global_heading_font|300|||||||&#8221; text_orientation=&#8221;center&#8221; locked=&#8221;off&#8221; global_colors_info=&#8221;{%22gcid-f9263e8f-2107-49f5-ba75-c9d329a43ae4%22:%91%22header_text_color%22,%22header_text_color%22%93,%22gcid-e9ca8038-d3bf-4063-9cbc-bcc5fdb05258%22:%91%22header_text_color%22,%22body_text_color%22%93}&#8221;]<\/p>\n<h1>Prijava na obavijesti<\/h1>\n<p>[\/et_pb_text][\/et_pb_column][\/et_pb_row][et_pb_row column_structure=&#8221;1_2,1_2&#8243; _builder_version=&#8221;4.27.0&#8243; _module_preset=&#8221;default&#8221; custom_padding=&#8221;4px|||||&#8221; locked=&#8221;off&#8221; global_colors_info=&#8221;{}&#8221;][et_pb_column type=&#8221;1_2&#8243; _builder_version=&#8221;4.25.1&#8243; _module_preset=&#8221;_initial&#8221; global_colors_info=&#8221;{}&#8221;][et_pb_signup mailchimp_list=&#8221;Meditacije s Mislavom|8c90654df6&#8243; first_name_field=&#8221;off&#8221; last_name_field=&#8221;off&#8221; use_custom_fields=&#8221;on&#8221; title=&#8221;Prijava na mailing listu&#8221; button_text=&#8221;Prijavi se&#8221; use_spam_service=&#8221;on&#8221; _builder_version=&#8221;4.27.0&#8243; _module_preset=&#8221;default&#8221; form_field_background_color=&#8221;#ffffff&#8221; header_level=&#8221;h1&#8243; header_font=&#8221;&#8211;et_global_heading_font||||||||&#8221; header_text_color=&#8221;gcid-e9ca8038-d3bf-4063-9cbc-bcc5fdb05258&#8243; body_font=&#8221;&#8211;et_global_body_font||||||||&#8221; body_text_color=&#8221;gcid-e9ca8038-d3bf-4063-9cbc-bcc5fdb05258&#8243; form_field_font=&#8221;&#8211;et_global_body_font||||||||&#8221; background_enable_color=&#8221;off&#8221; custom_padding=&#8221;2px|2px||0px||&#8221; hover_enabled=&#8221;0&#8243; border_width_all_fields=&#8221;1px&#8221; global_colors_info=&#8221;{%22gcid-e9ca8038-d3bf-4063-9cbc-bcc5fdb05258%22:%91%22header_text_color%22,%22body_text_color%22%93}&#8221; sticky_enabled=&#8221;0&#8243;][et_pb_signup_custom_field field_id=&#8221;668ad43238&#8243; field_title=&#8221;\u017delim primati obavijesti:&#8221; field_type=&#8221;checkbox&#8221; checkbox_options=&#8221;%91{%22checked%22:1,%22value%22:%22Povla\u010denja%22,%22id%22:%22c471283497%22,%22dragID%22:-1},{%22checked%22:1,%22value%22:%22Predavanja i meditacije%22,%22id%22:%22e4ac7a0050%22,%22dragID%22:0},{%22checked%22:1,%22value%22:%22Mali odmor (kratka online predavanja i meditacije)%22,%22id%22:%222f026ff86b%22,%22dragID%22:1}%93&#8243; _builder_version=&#8221;4.27.0&#8243; _module_preset=&#8221;default&#8221; global_colors_info=&#8221;{}&#8221; predefined_field=&#8221;668ad43238&#8243;][\/et_pb_signup_custom_field][\/et_pb_signup][\/et_pb_column][et_pb_column type=&#8221;1_2&#8243; _builder_version=&#8221;4.25.1&#8243; _module_preset=&#8221;_initial&#8221; global_colors_info=&#8221;{}&#8221;][et_pb_text _builder_version=&#8221;4.27.0&#8243; _module_preset=&#8221;b327cbe4-b1d5-4b66-ad37-40c8f2f061ba&#8221; header_text_color=&#8221;#333333&#8243; header_font_size=&#8221;30px&#8221; header_2_font_size=&#8221;30px&#8221; custom_margin=&#8221;||10px||false|false&#8221; locked=&#8221;off&#8221; global_colors_info=&#8221;{%22gcid-dde5a108-6ff0-4332-95cd-17313c181436%22:%91%22header_2_text_color%22,%22header_2_text_color%22%93,%22gcid-e9ca8038-d3bf-4063-9cbc-bcc5fdb05258%22:%91%22header_text_color%22,%22body_text_color%22%93}&#8221;]<\/p>\n<h2>Prijava u WhatsApp zajednicu<\/h2>\n<p>[\/et_pb_text][et_pb_text _builder_version=&#8221;4.27.0&#8243; _module_preset=&#8221;1f09816e-184e-4ce5-a4cf-b39c52c423ca&#8221; text_font=&#8221;Raleway||||||||&#8221; text_text_color=&#8221;gcid-dde5a108-6ff0-4332-95cd-17313c181436&#8243; text_font_size=&#8221;16px&#8221; text_line_height=&#8221;1.8em&#8221; header_text_color=&#8221;#333333&#8243; custom_padding=&#8221;||17px|||&#8221; text_font_size_tablet=&#8221;14px&#8221; text_font_size_phone=&#8221;13px&#8221; text_font_size_last_edited=&#8221;on|phone&#8221; header_font_size_tablet=&#8221;55px&#8221; header_font_size_last_edited=&#8221;off|desktop&#8221; global_colors_info=&#8221;{%22gcid-dde5a108-6ff0-4332-95cd-17313c181436%22:%91%22text_text_color%22%93,%22gcid-e9ca8038-d3bf-4063-9cbc-bcc5fdb05258%22:%91%22header_text_color%22,%22body_text_color%22%93}&#8221;]<\/p>\n<p><span>WhatsApp zajednica slu\u017ei isklju\u010divo kao oglasna plo\u010da i u njoj nema dopisivanja.<\/span><\/p>\n<p><span>U WhatsApp zajednicu se mo\u017eete prijaviti klikom na link: <\/span><a href=\"https:\/\/chat.whatsapp.com\/Et7Ne2Tl902FKAMUynCNbG\">https:\/\/chat.whatsapp.com\/Et7Ne2Tl902FKAMUynCNbG<\/a><\/p>\n<p>[\/et_pb_text][\/et_pb_column][\/et_pb_row][\/et_pb_section][et_pb_section fb_built=&#8221;1&#8243; admin_label=&#8221;Footer&#8221; _builder_version=&#8221;4.27.0&#8243; _module_preset=&#8221;default&#8221; background_color=&#8221;RGBA(255,255,255,0)&#8221; width=&#8221;90%&#8221; module_alignment=&#8221;center&#8221; custom_margin=&#8221;58px||||false|false&#8221; custom_margin_tablet=&#8221;58px||||false|false&#8221; custom_margin_phone=&#8221;5%||||false|false&#8221; custom_margin_last_edited=&#8221;on|phone&#8221; custom_padding=&#8221;21px|||||&#8221; border_width_top=&#8221;1px&#8221; global_module=&#8221;370&#8243; saved_tabs=&#8221;all&#8221; collapsed=&#8221;on&#8221; global_colors_info=&#8221;{}&#8221;][et_pb_row column_structure=&#8221;1_2,1_2&#8243; _builder_version=&#8221;4.27.0&#8243; _module_preset=&#8221;default&#8221; max_width=&#8221;2560px&#8221; global_colors_info=&#8221;{}&#8221;][et_pb_column type=&#8221;1_2&#8243; _builder_version=&#8221;4.25.1&#8243; _module_preset=&#8221;default&#8221; global_colors_info=&#8221;{}&#8221;][et_pb_heading title=&#8221;Kontakt&#8221; _builder_version=&#8221;4.27.0&#8243; _module_preset=&#8221;_initial&#8221; title_level=&#8221;h2&#8243; title_font=&#8221;&#8211;et_global_heading_font||||||||&#8221; title_font_size=&#8221;60px&#8221; title_line_height=&#8221;1.2em&#8221; custom_margin=&#8221;||10px||false|false&#8221; title_font_size_tablet=&#8221;32px&#8221; title_font_size_phone=&#8221;30px&#8221; title_font_size_last_edited=&#8221;on|phone&#8221; global_colors_info=&#8221;{}&#8221;][\/et_pb_heading][et_pb_text _builder_version=&#8221;4.27.0&#8243; _module_preset=&#8221;default&#8221; text_font=&#8221;&#8211;et_global_body_font||||||||&#8221; text_font_size=&#8221;16px&#8221; text_font_size_tablet=&#8221;14px&#8221; text_font_size_phone=&#8221;&#8221; text_font_size_last_edited=&#8221;on|phone&#8221; global_colors_info=&#8221;{}&#8221;]<\/p>\n<p><span style=\"font-weight: 400;\">Ako imate bilo kakvih pitanja slobodno nas kontaktirajte.<\/span><\/p>\n<p>[\/et_pb_text][et_pb_heading title=&#8221;U slu\u010daju da \u017eelite individualne satove s Mislavom ili imate pitanja vezana za praksu pi\u0161ite na:&#8221; _builder_version=&#8221;4.27.0&#8243; _module_preset=&#8221;_initial&#8221; title_level=&#8221;h6&#8243; title_font=&#8221;&#8211;et_global_body_font|700|||||||&#8221; title_font_size=&#8221;16px&#8221; title_line_height=&#8221;1.4em&#8221; custom_margin=&#8221;||0px||false|false&#8221; title_font_size_tablet=&#8221;15px&#8221; title_font_size_phone=&#8221;13px&#8221; title_font_size_last_edited=&#8221;on|phone&#8221; global_colors_info=&#8221;{}&#8221;][\/et_pb_heading][et_pb_text quote_border_color=&#8221;#f2a094&#8243; _builder_version=&#8221;4.27.0&#8243; _module_preset=&#8221;default&#8221; text_font=&#8221;&#8211;et_global_body_font||||||||&#8221; text_line_height=&#8221;1.8em&#8221; link_text_color=&#8221;#0C71C3&#8243; quote_font=&#8221;DM Serif Text||||||||&#8221; quote_text_color=&#8221;#164e4e&#8221; quote_font_size=&#8221;24px&#8221; quote_line_height=&#8221;1.4em&#8221; header_font=&#8221;DM Serif Text||||||||&#8221; header_font_size=&#8221;110px&#8221; header_letter_spacing=&#8221;-0.02em&#8221; header_2_font=&#8221;DM Serif Text||||||||&#8221; header_2_font_size=&#8221;56px&#8221; header_3_font=&#8221;DM Serif Text||||||||&#8221; header_3_font_size=&#8221;36px&#8221; header_3_line_height=&#8221;1.2em&#8221; header_4_font=&#8221;DM Serif Text||||||||&#8221; header_4_font_size=&#8221;24px&#8221; header_4_line_height=&#8221;1.3em&#8221; header_5_font=&#8221;Montserrat|700|||||||&#8221; header_5_font_size=&#8221;18px&#8221; header_5_line_height=&#8221;1.4em&#8221; header_6_font=&#8221;Montserrat|700|||||||&#8221; header_6_font_size=&#8221;16px&#8221; header_6_line_height=&#8221;1.4em&#8221; quote_font_size_tablet=&#8221;18px&#8221; quote_font_size_phone=&#8221;16px&#8221; quote_font_size_last_edited=&#8221;on|phone&#8221; header_font_size_tablet=&#8221;40px&#8221; header_font_size_phone=&#8221;24px&#8221; header_font_size_last_edited=&#8221;on|desktop&#8221; header_2_font_size_tablet=&#8221;32px&#8221; header_2_font_size_phone=&#8221;20px&#8221; header_2_font_size_last_edited=&#8221;on|desktop&#8221; header_3_font_size_tablet=&#8221;24px&#8221; header_3_font_size_phone=&#8221;18px&#8221; header_3_font_size_last_edited=&#8221;on|phone&#8221; header_4_font_size_tablet=&#8221;20px&#8221; header_4_font_size_phone=&#8221;16px&#8221; header_4_font_size_last_edited=&#8221;on|phone&#8221; header_5_font_size_tablet=&#8221;16px&#8221; header_5_font_size_phone=&#8221;14px&#8221; header_5_font_size_last_edited=&#8221;on|phone&#8221; header_6_font_size_tablet=&#8221;15px&#8221; header_6_font_size_phone=&#8221;13px&#8221; header_6_font_size_last_edited=&#8221;on|desktop&#8221; global_colors_info=&#8221;{}&#8221;]<\/p>\n<p><a href=\"mailto:mislav.brecic@gmail.com\">mislav.brecic@gmail.com<\/a><\/p>\n<p>[\/et_pb_text][et_pb_heading title=&#8221;Za sve vezano za organizaciju povla\u010denja i predavanja pi\u0161ite na:&#8221; _builder_version=&#8221;4.27.0&#8243; _module_preset=&#8221;_initial&#8221; title_level=&#8221;h6&#8243; title_font=&#8221;&#8211;et_global_body_font|700|||||||&#8221; title_font_size=&#8221;16px&#8221; title_line_height=&#8221;1.4em&#8221; custom_margin=&#8221;||0px||false|false&#8221; title_font_size_tablet=&#8221;15px&#8221; title_font_size_phone=&#8221;13px&#8221; title_font_size_last_edited=&#8221;on|phone&#8221; global_colors_info=&#8221;{}&#8221;][\/et_pb_heading][et_pb_text quote_border_color=&#8221;#f2a094&#8243; _builder_version=&#8221;4.27.0&#8243; _module_preset=&#8221;_initial&#8221; text_line_height=&#8221;1.8em&#8221; link_text_color=&#8221;#0C71C3&#8243; quote_font=&#8221;DM Serif Text||||||||&#8221; quote_text_color=&#8221;#164e4e&#8221; quote_font_size=&#8221;24px&#8221; quote_line_height=&#8221;1.4em&#8221; header_font=&#8221;DM Serif Text||||||||&#8221; header_font_size=&#8221;110px&#8221; header_letter_spacing=&#8221;-0.02em&#8221; header_2_font=&#8221;DM Serif Text||||||||&#8221; header_2_font_size=&#8221;56px&#8221; header_3_font=&#8221;DM Serif Text||||||||&#8221; header_3_font_size=&#8221;36px&#8221; header_3_line_height=&#8221;1.2em&#8221; header_4_font=&#8221;DM Serif Text||||||||&#8221; header_4_font_size=&#8221;24px&#8221; header_4_line_height=&#8221;1.3em&#8221; header_5_font=&#8221;Montserrat|700|||||||&#8221; header_5_font_size=&#8221;18px&#8221; header_5_line_height=&#8221;1.4em&#8221; header_6_font=&#8221;Montserrat|700|||||||&#8221; header_6_font_size=&#8221;16px&#8221; header_6_line_height=&#8221;1.4em&#8221; quote_font_size_tablet=&#8221;18px&#8221; quote_font_size_phone=&#8221;16px&#8221; quote_font_size_last_edited=&#8221;on|phone&#8221; header_font_size_tablet=&#8221;40px&#8221; header_font_size_phone=&#8221;24px&#8221; header_font_size_last_edited=&#8221;on|desktop&#8221; header_2_font_size_tablet=&#8221;32px&#8221; header_2_font_size_phone=&#8221;20px&#8221; header_2_font_size_last_edited=&#8221;on|desktop&#8221; header_3_font_size_tablet=&#8221;24px&#8221; header_3_font_size_phone=&#8221;18px&#8221; header_3_font_size_last_edited=&#8221;on|phone&#8221; header_4_font_size_tablet=&#8221;20px&#8221; header_4_font_size_phone=&#8221;16px&#8221; header_4_font_size_last_edited=&#8221;on|phone&#8221; header_5_font_size_tablet=&#8221;16px&#8221; header_5_font_size_phone=&#8221;14px&#8221; header_5_font_size_last_edited=&#8221;on|phone&#8221; header_6_font_size_tablet=&#8221;15px&#8221; header_6_font_size_phone=&#8221;13px&#8221; header_6_font_size_last_edited=&#8221;on|desktop&#8221; global_colors_info=&#8221;{}&#8221;]<\/p>\n<p><a href=\"mailto:meditacija.m@gmail.com\">meditacija.m@gmail.com<\/a><\/p>\n<p>[\/et_pb_text][\/et_pb_column][et_pb_column type=&#8221;1_2&#8243; _builder_version=&#8221;4.25.1&#8243; _module_preset=&#8221;default&#8221; global_colors_info=&#8221;{}&#8221;][et_pb_heading title=&#8221;Donacije&#8221; _builder_version=&#8221;4.27.0&#8243; _module_preset=&#8221;_initial&#8221; title_level=&#8221;h2&#8243; title_font=&#8221;&#8211;et_global_heading_font||||||||&#8221; title_font_size=&#8221;60px&#8221; title_line_height=&#8221;1.2em&#8221; custom_margin=&#8221;||10px||false|false&#8221; title_font_size_tablet=&#8221;32px&#8221; title_font_size_phone=&#8221;30px&#8221; title_font_size_last_edited=&#8221;on|phone&#8221; global_colors_info=&#8221;{}&#8221;][\/et_pb_heading][et_pb_text _builder_version=&#8221;4.27.0&#8243; _module_preset=&#8221;default&#8221; text_font=&#8221;&#8211;et_global_body_font||||||||&#8221; text_font_size=&#8221;16px&#8221; text_font_size_tablet=&#8221;14px&#8221; text_font_size_phone=&#8221;&#8221; text_font_size_last_edited=&#8221;on|phone&#8221; global_colors_info=&#8221;{}&#8221;]<\/p>\n<p><span style=\"font-weight: 400;\">U\u010denje je ponu\u0111eno od srca i potpuno je besplatno. Ako \u017eelite mo\u017eete donirati u\u010ditelju Mislavu Bre\u010di\u0107u na ra\u010dun u nastavku.<\/span><\/p>\n<p>[\/et_pb_text][et_pb_heading title=&#8221;Mislav Bre\u010di\u0107 &#8221; _builder_version=&#8221;4.27.0&#8243; _module_preset=&#8221;_initial&#8221; title_level=&#8221;h6&#8243; title_font=&#8221;&#8211;et_global_body_font|700|||||||&#8221; title_font_size=&#8221;16px&#8221; title_line_height=&#8221;1.4em&#8221; custom_margin=&#8221;||0px||false|false&#8221; title_font_size_tablet=&#8221;15px&#8221; title_font_size_phone=&#8221;13px&#8221; title_font_size_last_edited=&#8221;on|phone&#8221; global_colors_info=&#8221;{}&#8221;][\/et_pb_heading][et_pb_heading title=&#8221;IBAN HR5623600003217859999&#8243; _builder_version=&#8221;4.27.0&#8243; _module_preset=&#8221;_initial&#8221; title_level=&#8221;h6&#8243; title_font=&#8221;&#8211;et_global_body_font|700|||||||&#8221; title_font_size=&#8221;16px&#8221; title_line_height=&#8221;1.4em&#8221; custom_margin=&#8221;||0px||false|false&#8221; title_font_size_tablet=&#8221;15px&#8221; title_font_size_phone=&#8221;13px&#8221; title_font_size_last_edited=&#8221;on|phone&#8221; global_colors_info=&#8221;{}&#8221;][\/et_pb_heading][et_pb_heading title=&#8221;Opis pla\u0107anja: donacija&#8221; _builder_version=&#8221;4.27.0&#8243; _module_preset=&#8221;_initial&#8221; title_level=&#8221;h6&#8243; title_font=&#8221;&#8211;et_global_body_font|700|||||||&#8221; title_font_size=&#8221;16px&#8221; title_line_height=&#8221;1.4em&#8221; custom_margin=&#8221;||0px||false|false&#8221; title_font_size_tablet=&#8221;15px&#8221; title_font_size_phone=&#8221;13px&#8221; title_font_size_last_edited=&#8221;on|phone&#8221; global_colors_info=&#8221;{}&#8221;][\/et_pb_heading][et_pb_image src=&#8221;https:\/\/meditacija-m.com\/wp-content\/uploads\/2024\/11\/WhatsApp-Image-2024-11-13-at-13.47.05-e1731509744769.jpeg&#8221; title_text=&#8221;QR&#8221; _builder_version=&#8221;4.27.0&#8243; _module_preset=&#8221;default&#8221; width=&#8221;55%&#8221; width_tablet=&#8221;&#8221; width_phone=&#8221;100%&#8221; width_last_edited=&#8221;on|desktop&#8221; global_colors_info=&#8221;{}&#8221;][\/et_pb_image][\/et_pb_column][\/et_pb_row][\/et_pb_section]<\/p>\n","protected":false},"excerpt":{"rendered":"<p>Prijava na obavijestiPrijava u WhatsApp zajednicuWhatsApp zajednica slu\u017ei isklju\u010divo kao oglasna plo\u010da i u njoj nema dopisivanja. U WhatsApp zajednicu se mo\u017eete prijaviti klikom na link: https:\/\/chat.whatsapp.com\/Et7Ne2Tl902FKAMUynCNbGAko imate bilo kakvih pitanja slobodno nas kontaktirajte.mislav.brecic@gmail.commeditacija.m@gmail.comU\u010denje je ponu\u0111eno od srca i potpuno je besplatno. Ako \u017eelite mo\u017eete donirati u\u010ditelju Mislavu Bre\u010di\u0107u na ra\u010dun u nastavku.<\/p>\n","protected":false},"author":1,"featured_media":0,"parent":0,"menu_order":0,"comment_status":"closed","ping_status":"closed","template":"","meta":{"_et_pb_use_builder":"on","_et_pb_old_content":"","_et_gb_content_width":"","footnotes":""},"class_list":["post-310","page","type-page","status-publish","hentry"],"_links":{"self":[{"href":"https:\/\/meditacija-m.com\/index.php\/wp-json\/wp\/v2\/pages\/310","targetHints":{"allow":["GET"]}}],"collection":[{"href":"https:\/\/meditacija-m.com\/index.php\/wp-json\/wp\/v2\/pages"}],"about":[{"href":"https:\/\/meditacija-m.com\/index.php\/wp-json\/wp\/v2\/types\/page"}],"author":[{"embeddable":true,"href":"https:\/\/meditacija-m.com\/index.php\/wp-json\/wp\/v2\/users\/1"}],"replies":[{"embeddable":true,"href":"https:\/\/meditacija-m.com\/index.php\/wp-json\/wp\/v2\/comments?post=310"}],"version-history":[{"count":15,"href":"https:\/\/meditacija-m.com\/index.php\/wp-json\/wp\/v2\/pages\/310\/revisions"}],"predecessor-version":[{"id":666,"href":"https:\/\/meditacija-m.com\/index.php\/wp-json\/wp\/v2\/pages\/310\/revisions\/666"}],"wp:attachment":[{"href":"https:\/\/meditacija-m.com\/index.php\/wp-json\/wp\/v2\/media?parent=310"}],"curies":[{"name":"wp","href":"https:\/\/api.w.org\/{rel}","templated":true}]}}